{"id":5084,"date":"2025-01-20T07:49:43","date_gmt":"2025-01-20T07:49:43","guid":{"rendered":"http:\/\/lawna.local\/?page_id=5084"},"modified":"2026-07-09T18:12:15","modified_gmt":"2026-07-09T18:12:15","slug":"actualites","status":"publish","type":"page","link":"https:\/\/www.virginie-perrin.notaires.fr\/actualites\/","title":{"rendered":"Actualit\u00e9s"},"content":{"rendered":"\t\t<div data-elementor-type=\"wp-page\" data-elementor-id=\"5084\" class=\"elementor elementor-5084\" data-elementor-post-type=\"page\">\n\t\t\t\t<div class=\"elementor-element elementor-element-dc36cfa e-con-full e-flex e-con e-parent \" data-id=\"dc36cfa\" data-element_type=\"container\" data-e-type=\"container\">\t\t<div class=\"elementor-element elementor-element-fbd49b5 elementor-widget elementor-widget-oslim-blog\" data-id=\"fbd49b5\" data-element_type=\"widget\" data-e-type=\"widget\" data-widget_type=\"oslim-blog.default\">\n\t\t\t\t<div class=\"elementor-widget-container\">\n\t\t\t\t\t\r\n\t <!--News One Start-->\r\n\t <section class=\"news-one\">\r\n\t\t<div class=\"news-one-shape-1 shapemover2\"><\/div>\r\n\t\t<div class=\"news-one-shape-2 float-bob-x-2\"><\/div>\r\n\t\t<div class=\"container\">\r\n\t\t\t\t\t\t<div class=\"row\">\r\n\t\t\t\t\t\t\t\t\t\t\t\t\t<div class=\"col-xl-4 col-lg-4 wow fadeInUp\" data-wow-delay=\"100ms\">\r\n\t\t\t\t\t<!--News One Single-->\r\n\t\t\t\t\t<div class=\"news-one__single\">\r\n\t\t\t\t\t\t\t\t\t\t\t\t\t<div class=\"news-one__img\">\r\n\t\t\t\t\t\t\t\t<img fetchpriority=\"high\" decoding=\"async\" width=\"800\" height=\"554\" src=\"https:\/\/www.virginie-perrin.notaires.fr\/wp-content\/uploads\/2026\/08\/Couple-achat-maison-800x554.jpg\" class=\"attachment-oslim_blog_370X256 size-oslim_blog_370X256 wp-post-image\" alt=\"\" srcset=\"https:\/\/www.virginie-perrin.notaires.fr\/wp-content\/uploads\/2026\/08\/Couple-achat-maison-800x554.jpg 800w, https:\/\/www.virginie-perrin.notaires.fr\/wp-content\/uploads\/2026\/08\/Couple-achat-maison-650x450.jpg 650w\" sizes=\"(max-width: 800px) 100vw, 800px\" \/>\t\t\t\t\t\t\t\t<a href=\"https:\/\/www.virginie-perrin.notaires.fr\/acheter-une-maison-a-deux-les-7-questions-a-regler-avant-de-signer-chez-le-notaire\/\">\r\n\t\t\t\t\t\t\t\t\t<span class=\"news-one__plus\"><\/span>\r\n\t\t\t\t\t\t\t\t<\/a>\r\n\t\t\t\t\t\t\t<\/div>\r\n\t\t\t\t\t\t\t\t\t\t\t\t<div class=\"news-one__content\">\r\n\t\t\t\t\t\t\t\t\t\t\t\t\t\t\t<p class=\"news-one__sub-title\">Actualites<\/p>\r\n\t\t\t\t\t\t\t\t\t\t\t\t\t\t<h3 class=\"news-one__title\"><a href=\"https:\/\/www.virginie-perrin.notaires.fr\/acheter-une-maison-a-deux-les-7-questions-a-regler-avant-de-signer-chez-le-notaire\/\">Acheter une maison \u00e0 deux : les 7 questions \u00e0 r\u00e9gler avant de signer chez le notaire<\/a><\/h3>\r\n\t\t\t\t\t\t\t<ul class=\"list-unstyled news-one__meta ml-0\">\r\n\t\t\t\t\t\t\t\t<li><span class=\"posted-on\"><i class=\"far fa-clock\"><\/i> <a href=\"https:\/\/www.virginie-perrin.notaires.fr\/acheter-une-maison-a-deux-les-7-questions-a-regler-avant-de-signer-chez-le-notaire\/\" rel=\"bookmark\"><time class=\"entry-date published\" datetime=\"2026-08-26T13:22:26+00:00\">ao\u00fbt 26, 2026<\/time><time class=\"updated\" datetime=\"2026-08-26T13:30:39+00:00\">ao\u00fbt 26, 2026<\/time><\/a><\/span><\/li>\r\n\t\t\t\t\t\t\t\t\t\t\t\t\t\t\t\t\t<li><span>\/<\/span><\/li>\r\n\t\t\t\t\t\t\t\t\t<li><span class=\"comments-link\"><i class=\"far fa-comments\"><\/i> <a href=\"https:\/\/www.virginie-perrin.notaires.fr\/acheter-une-maison-a-deux-les-7-questions-a-regler-avant-de-signer-chez-le-notaire\/#respond\">Leave a Comment<span class=\"screen-reader-text\"> on Acheter une maison \u00e0 deux : les 7 questions \u00e0 r\u00e9gler avant de signer chez le notaire<\/span><\/a><\/span><\/li>\r\n\t\t\t\t\t\t\t\t\t\t\t\t\t\t\t<\/ul>\r\n\t\t\t\t\t\t<\/div>\r\n\t\t\t\t\t<\/div>\r\n\t\t\t\t<\/div>\r\n\t\t\t\t\t\t\t\t\t\t<div class=\"col-xl-4 col-lg-4 wow fadeInUp\" data-wow-delay=\"100ms\">\r\n\t\t\t\t\t<!--News One Single-->\r\n\t\t\t\t\t<div class=\"news-one__single\">\r\n\t\t\t\t\t\t\t\t\t\t\t\t\t<div class=\"news-one__img\">\r\n\t\t\t\t\t\t\t\t<img decoding=\"async\" width=\"800\" height=\"554\" src=\"https:\/\/www.virginie-perrin.notaires.fr\/wp-content\/uploads\/2026\/06\/26b8629237e2a49fef7920260709-1680065-oogw6h-800x554.jpeg\" class=\"attachment-oslim_blog_370X256 size-oslim_blog_370X256 wp-post-image\" alt=\"Immobilier : 30% des acheteurs cherchent aussi a louer\" srcset=\"https:\/\/www.virginie-perrin.notaires.fr\/wp-content\/uploads\/2026\/06\/26b8629237e2a49fef7920260709-1680065-oogw6h-800x554.jpeg 800w, https:\/\/www.virginie-perrin.notaires.fr\/wp-content\/uploads\/2026\/06\/26b8629237e2a49fef7920260709-1680065-oogw6h-370x256.jpeg 370w\" sizes=\"(max-width: 800px) 100vw, 800px\" \/>\t\t\t\t\t\t\t\t<a href=\"https:\/\/www.virginie-perrin.notaires.fr\/immobilier-30-des-acheteurs-cherchent-aussi-a-louer\/\">\r\n\t\t\t\t\t\t\t\t\t<span class=\"news-one__plus\"><\/span>\r\n\t\t\t\t\t\t\t\t<\/a>\r\n\t\t\t\t\t\t\t<\/div>\r\n\t\t\t\t\t\t\t\t\t\t\t\t<div class=\"news-one__content\">\r\n\t\t\t\t\t\t\t\t\t\t\t\t\t\t\t<p class=\"news-one__sub-title\">Actualites<\/p>\r\n\t\t\t\t\t\t\t\t\t\t\t\t\t\t<h3 class=\"news-one__title\"><a href=\"https:\/\/www.virginie-perrin.notaires.fr\/immobilier-30-des-acheteurs-cherchent-aussi-a-louer\/\">Immobilier : 30\u00a0% des acheteurs cherchent aussi \u00e0 louer<\/a><\/h3>\r\n\t\t\t\t\t\t\t<ul class=\"list-unstyled news-one__meta ml-0\">\r\n\t\t\t\t\t\t\t\t<li><span class=\"posted-on\"><i class=\"far fa-clock\"><\/i> <a href=\"https:\/\/www.virginie-perrin.notaires.fr\/immobilier-30-des-acheteurs-cherchent-aussi-a-louer\/\" rel=\"bookmark\"><time class=\"entry-date published\" datetime=\"2026-06-30T00:00:00+00:00\">juin 30, 2026<\/time><time class=\"updated\" datetime=\"2026-07-24T13:57:14+00:00\">juillet 24, 2026<\/time><\/a><\/span><\/li>\r\n\t\t\t\t\t\t\t\t\t\t\t\t\t\t\t\t\t<li><span>\/<\/span><\/li>\r\n\t\t\t\t\t\t\t\t\t<li><span class=\"comments-link\"><i class=\"far fa-comments\"><\/i> <a href=\"https:\/\/www.virginie-perrin.notaires.fr\/immobilier-30-des-acheteurs-cherchent-aussi-a-louer\/#respond\">Leave a Comment<span class=\"screen-reader-text\"> on Immobilier : 30\u00a0% des acheteurs cherchent aussi \u00e0 louer<\/span><\/a><\/span><\/li>\r\n\t\t\t\t\t\t\t\t\t\t\t\t\t\t\t<\/ul>\r\n\t\t\t\t\t\t<\/div>\r\n\t\t\t\t\t<\/div>\r\n\t\t\t\t<\/div>\r\n\t\t\t\t\t\t\t\t\t\t<div class=\"col-xl-4 col-lg-4 wow fadeInUp\" data-wow-delay=\"100ms\">\r\n\t\t\t\t\t<!--News One Single-->\r\n\t\t\t\t\t<div class=\"news-one__single\">\r\n\t\t\t\t\t\t\t\t\t\t\t\t\t<div class=\"news-one__img\">\r\n\t\t\t\t\t\t\t\t<img decoding=\"async\" width=\"800\" height=\"554\" src=\"https:\/\/www.virginie-perrin.notaires.fr\/wp-content\/uploads\/2026\/06\/c562ef46b24cbd1c3c0820260709-1680065-h8vo06-800x554.jpeg\" class=\"attachment-oslim_blog_370X256 size-oslim_blog_370X256 wp-post-image\" alt=\"Immobilier francilien : la reprise cale\" srcset=\"https:\/\/www.virginie-perrin.notaires.fr\/wp-content\/uploads\/2026\/06\/c562ef46b24cbd1c3c0820260709-1680065-h8vo06-800x554.jpeg 800w, https:\/\/www.virginie-perrin.notaires.fr\/wp-content\/uploads\/2026\/06\/c562ef46b24cbd1c3c0820260709-1680065-h8vo06-370x256.jpeg 370w\" sizes=\"(max-width: 800px) 100vw, 800px\" \/>\t\t\t\t\t\t\t\t<a href=\"https:\/\/www.virginie-perrin.notaires.fr\/immobilier-francilien-la-reprise-cale\/\">\r\n\t\t\t\t\t\t\t\t\t<span class=\"news-one__plus\"><\/span>\r\n\t\t\t\t\t\t\t\t<\/a>\r\n\t\t\t\t\t\t\t<\/div>\r\n\t\t\t\t\t\t\t\t\t\t\t\t<div class=\"news-one__content\">\r\n\t\t\t\t\t\t\t\t\t\t\t\t\t\t\t<p class=\"news-one__sub-title\">Actualites<\/p>\r\n\t\t\t\t\t\t\t\t\t\t\t\t\t\t<h3 class=\"news-one__title\"><a href=\"https:\/\/www.virginie-perrin.notaires.fr\/immobilier-francilien-la-reprise-cale\/\">Immobilier francilien : la reprise cale<\/a><\/h3>\r\n\t\t\t\t\t\t\t<ul class=\"list-unstyled news-one__meta ml-0\">\r\n\t\t\t\t\t\t\t\t<li><span class=\"posted-on\"><i class=\"far fa-clock\"><\/i> <a href=\"https:\/\/www.virginie-perrin.notaires.fr\/immobilier-francilien-la-reprise-cale\/\" rel=\"bookmark\"><time class=\"entry-date published\" datetime=\"2026-06-30T00:00:00+00:00\">juin 30, 2026<\/time><time class=\"updated\" datetime=\"2026-07-24T13:55:37+00:00\">juillet 24, 2026<\/time><\/a><\/span><\/li>\r\n\t\t\t\t\t\t\t\t\t\t\t\t\t\t\t\t\t<li><span>\/<\/span><\/li>\r\n\t\t\t\t\t\t\t\t\t<li><span class=\"comments-link\"><i class=\"far fa-comments\"><\/i> <a href=\"https:\/\/www.virginie-perrin.notaires.fr\/immobilier-francilien-la-reprise-cale\/#respond\">Leave a Comment<span class=\"screen-reader-text\"> on Immobilier francilien : la reprise cale<\/span><\/a><\/span><\/li>\r\n\t\t\t\t\t\t\t\t\t\t\t\t\t\t\t<\/ul>\r\n\t\t\t\t\t\t<\/div>\r\n\t\t\t\t\t<\/div>\r\n\t\t\t\t<\/div>\r\n\t\t\t\t\t\t\t\t\t\t<div class=\"col-xl-4 col-lg-4 wow fadeInUp\" data-wow-delay=\"100ms\">\r\n\t\t\t\t\t<!--News One Single-->\r\n\t\t\t\t\t<div class=\"news-one__single\">\r\n\t\t\t\t\t\t\t\t\t\t\t\t\t<div class=\"news-one__img\">\r\n\t\t\t\t\t\t\t\t<img loading=\"lazy\" decoding=\"async\" width=\"800\" height=\"554\" src=\"https:\/\/www.virginie-perrin.notaires.fr\/wp-content\/uploads\/2026\/06\/abdcf140a784691030a320260709-1680065-zc99c5-800x554.jpeg\" class=\"attachment-oslim_blog_370X256 size-oslim_blog_370X256 wp-post-image\" alt=\"L&#039;education financiere entre au college\" srcset=\"https:\/\/www.virginie-perrin.notaires.fr\/wp-content\/uploads\/2026\/06\/abdcf140a784691030a320260709-1680065-zc99c5-800x554.jpeg 800w, https:\/\/www.virginie-perrin.notaires.fr\/wp-content\/uploads\/2026\/06\/abdcf140a784691030a320260709-1680065-zc99c5-370x256.jpeg 370w\" sizes=\"(max-width: 800px) 100vw, 800px\" \/>\t\t\t\t\t\t\t\t<a href=\"https:\/\/www.virginie-perrin.notaires.fr\/leducation-financiere-entre-au-college\/\">\r\n\t\t\t\t\t\t\t\t\t<span class=\"news-one__plus\"><\/span>\r\n\t\t\t\t\t\t\t\t<\/a>\r\n\t\t\t\t\t\t\t<\/div>\r\n\t\t\t\t\t\t\t\t\t\t\t\t<div class=\"news-one__content\">\r\n\t\t\t\t\t\t\t\t\t\t\t\t\t\t\t<p class=\"news-one__sub-title\">Actualites<\/p>\r\n\t\t\t\t\t\t\t\t\t\t\t\t\t\t<h3 class=\"news-one__title\"><a href=\"https:\/\/www.virginie-perrin.notaires.fr\/leducation-financiere-entre-au-college\/\">L&rsquo;\u00e9ducation financi\u00e8re entre au coll\u00e8ge<\/a><\/h3>\r\n\t\t\t\t\t\t\t<ul class=\"list-unstyled news-one__meta ml-0\">\r\n\t\t\t\t\t\t\t\t<li><span class=\"posted-on\"><i class=\"far fa-clock\"><\/i> <a href=\"https:\/\/www.virginie-perrin.notaires.fr\/leducation-financiere-entre-au-college\/\" rel=\"bookmark\"><time class=\"entry-date published\" datetime=\"2026-06-30T00:00:00+00:00\">juin 30, 2026<\/time><time class=\"updated\" datetime=\"2026-07-24T13:55:36+00:00\">juillet 24, 2026<\/time><\/a><\/span><\/li>\r\n\t\t\t\t\t\t\t\t\t\t\t\t\t\t\t\t\t<li><span>\/<\/span><\/li>\r\n\t\t\t\t\t\t\t\t\t<li><span class=\"comments-link\"><i class=\"far fa-comments\"><\/i> <a href=\"https:\/\/www.virginie-perrin.notaires.fr\/leducation-financiere-entre-au-college\/#respond\">Leave a Comment<span class=\"screen-reader-text\"> on L&rsquo;\u00e9ducation financi\u00e8re entre au coll\u00e8ge<\/span><\/a><\/span><\/li>\r\n\t\t\t\t\t\t\t\t\t\t\t\t\t\t\t<\/ul>\r\n\t\t\t\t\t\t<\/div>\r\n\t\t\t\t\t<\/div>\r\n\t\t\t\t<\/div>\r\n\t\t\t\t\t\t\t\t\t\t<div class=\"col-xl-4 col-lg-4 wow fadeInUp\" data-wow-delay=\"100ms\">\r\n\t\t\t\t\t<!--News One Single-->\r\n\t\t\t\t\t<div class=\"news-one__single\">\r\n\t\t\t\t\t\t\t\t\t\t\t\t\t<div class=\"news-one__img\">\r\n\t\t\t\t\t\t\t\t<img loading=\"lazy\" decoding=\"async\" width=\"800\" height=\"554\" src=\"https:\/\/www.virginie-perrin.notaires.fr\/wp-content\/uploads\/2026\/06\/42c7365e8f8e30c5893f20260709-1680065-bftfkd-800x554.jpeg\" class=\"attachment-oslim_blog_370X256 size-oslim_blog_370X256 wp-post-image\" alt=\"L&#039;epargne solidaire franchit 34 milliards\" srcset=\"https:\/\/www.virginie-perrin.notaires.fr\/wp-content\/uploads\/2026\/06\/42c7365e8f8e30c5893f20260709-1680065-bftfkd-800x554.jpeg 800w, https:\/\/www.virginie-perrin.notaires.fr\/wp-content\/uploads\/2026\/06\/42c7365e8f8e30c5893f20260709-1680065-bftfkd-370x256.jpeg 370w\" sizes=\"(max-width: 800px) 100vw, 800px\" \/>\t\t\t\t\t\t\t\t<a href=\"https:\/\/www.virginie-perrin.notaires.fr\/lepargne-solidaire-franchit-34-milliards\/\">\r\n\t\t\t\t\t\t\t\t\t<span class=\"news-one__plus\"><\/span>\r\n\t\t\t\t\t\t\t\t<\/a>\r\n\t\t\t\t\t\t\t<\/div>\r\n\t\t\t\t\t\t\t\t\t\t\t\t<div class=\"news-one__content\">\r\n\t\t\t\t\t\t\t\t\t\t\t\t\t\t\t<p class=\"news-one__sub-title\">Actualites<\/p>\r\n\t\t\t\t\t\t\t\t\t\t\t\t\t\t<h3 class=\"news-one__title\"><a href=\"https:\/\/www.virginie-perrin.notaires.fr\/lepargne-solidaire-franchit-34-milliards\/\">L&rsquo;\u00e9pargne solidaire franchit 34 milliards<\/a><\/h3>\r\n\t\t\t\t\t\t\t<ul class=\"list-unstyled news-one__meta ml-0\">\r\n\t\t\t\t\t\t\t\t<li><span class=\"posted-on\"><i class=\"far fa-clock\"><\/i> <a href=\"https:\/\/www.virginie-perrin.notaires.fr\/lepargne-solidaire-franchit-34-milliards\/\" rel=\"bookmark\"><time class=\"entry-date published\" datetime=\"2026-06-30T00:00:00+00:00\">juin 30, 2026<\/time><time class=\"updated\" datetime=\"2026-07-24T13:55:36+00:00\">juillet 24, 2026<\/time><\/a><\/span><\/li>\r\n\t\t\t\t\t\t\t\t\t\t\t\t\t\t\t\t\t<li><span>\/<\/span><\/li>\r\n\t\t\t\t\t\t\t\t\t<li><span class=\"comments-link\"><i class=\"far fa-comments\"><\/i> <a href=\"https:\/\/www.virginie-perrin.notaires.fr\/lepargne-solidaire-franchit-34-milliards\/#respond\">Leave a Comment<span class=\"screen-reader-text\"> on L&rsquo;\u00e9pargne solidaire franchit 34 milliards<\/span><\/a><\/span><\/li>\r\n\t\t\t\t\t\t\t\t\t\t\t\t\t\t\t<\/ul>\r\n\t\t\t\t\t\t<\/div>\r\n\t\t\t\t\t<\/div>\r\n\t\t\t\t<\/div>\r\n\t\t\t\t\t\t\t\t\t\t<div class=\"col-xl-4 col-lg-4 wow fadeInUp\" data-wow-delay=\"100ms\">\r\n\t\t\t\t\t<!--News One Single-->\r\n\t\t\t\t\t<div class=\"news-one__single\">\r\n\t\t\t\t\t\t\t\t\t\t\t\t\t<div class=\"news-one__img\">\r\n\t\t\t\t\t\t\t\t<img loading=\"lazy\" decoding=\"async\" width=\"800\" height=\"554\" src=\"https:\/\/www.virginie-perrin.notaires.fr\/wp-content\/uploads\/2026\/06\/0c7f351894aaf3ee9a2b20260709-1680065-liy4un-800x554.jpeg\" class=\"attachment-oslim_blog_370X256 size-oslim_blog_370X256 wp-post-image\" alt=\"Loyers impayes : la sortie de treve hivernale sans le choc redoute\" srcset=\"https:\/\/www.virginie-perrin.notaires.fr\/wp-content\/uploads\/2026\/06\/0c7f351894aaf3ee9a2b20260709-1680065-liy4un-800x554.jpeg 800w, https:\/\/www.virginie-perrin.notaires.fr\/wp-content\/uploads\/2026\/06\/0c7f351894aaf3ee9a2b20260709-1680065-liy4un-370x256.jpeg 370w\" sizes=\"(max-width: 800px) 100vw, 800px\" \/>\t\t\t\t\t\t\t\t<a href=\"https:\/\/www.virginie-perrin.notaires.fr\/loyers-impayes-la-sortie-de-treve-hivernale-sans-le-choc-redoute\/\">\r\n\t\t\t\t\t\t\t\t\t<span class=\"news-one__plus\"><\/span>\r\n\t\t\t\t\t\t\t\t<\/a>\r\n\t\t\t\t\t\t\t<\/div>\r\n\t\t\t\t\t\t\t\t\t\t\t\t<div class=\"news-one__content\">\r\n\t\t\t\t\t\t\t\t\t\t\t\t\t\t\t<p class=\"news-one__sub-title\">Actualites<\/p>\r\n\t\t\t\t\t\t\t\t\t\t\t\t\t\t<h3 class=\"news-one__title\"><a href=\"https:\/\/www.virginie-perrin.notaires.fr\/loyers-impayes-la-sortie-de-treve-hivernale-sans-le-choc-redoute\/\">Loyers impay\u00e9s : la sortie de tr\u00eave hivernale sans le choc redout\u00e9<\/a><\/h3>\r\n\t\t\t\t\t\t\t<ul class=\"list-unstyled news-one__meta ml-0\">\r\n\t\t\t\t\t\t\t\t<li><span class=\"posted-on\"><i class=\"far fa-clock\"><\/i> <a href=\"https:\/\/www.virginie-perrin.notaires.fr\/loyers-impayes-la-sortie-de-treve-hivernale-sans-le-choc-redoute\/\" rel=\"bookmark\"><time class=\"entry-date published\" datetime=\"2026-06-30T00:00:00+00:00\">juin 30, 2026<\/time><time class=\"updated\" datetime=\"2026-07-24T13:55:35+00:00\">juillet 24, 2026<\/time><\/a><\/span><\/li>\r\n\t\t\t\t\t\t\t\t\t\t\t\t\t\t\t\t\t<li><span>\/<\/span><\/li>\r\n\t\t\t\t\t\t\t\t\t<li><span class=\"comments-link\"><i class=\"far fa-comments\"><\/i> <a href=\"https:\/\/www.virginie-perrin.notaires.fr\/loyers-impayes-la-sortie-de-treve-hivernale-sans-le-choc-redoute\/#respond\">Leave a Comment<span class=\"screen-reader-text\"> on Loyers impay\u00e9s : la sortie de tr\u00eave hivernale sans le choc redout\u00e9<\/span><\/a><\/span><\/li>\r\n\t\t\t\t\t\t\t\t\t\t\t\t\t\t\t<\/ul>\r\n\t\t\t\t\t\t<\/div>\r\n\t\t\t\t\t<\/div>\r\n\t\t\t\t<\/div>\r\n\t\t\t\t\t\t\t\t\t\t<div class=\"col-xl-4 col-lg-4 wow fadeInUp\" data-wow-delay=\"100ms\">\r\n\t\t\t\t\t<!--News One Single-->\r\n\t\t\t\t\t<div class=\"news-one__single\">\r\n\t\t\t\t\t\t\t\t\t\t\t\t\t<div class=\"news-one__img\">\r\n\t\t\t\t\t\t\t\t<img loading=\"lazy\" decoding=\"async\" width=\"800\" height=\"554\" src=\"https:\/\/www.virginie-perrin.notaires.fr\/wp-content\/uploads\/2026\/06\/891541f7b814ae161fdc20260709-1680065-zlo5xy-800x554.jpeg\" class=\"attachment-oslim_blog_370X256 size-oslim_blog_370X256 wp-post-image\" alt=\"A Paris, payer plus cher ne garantit pas un air plus sain\" srcset=\"https:\/\/www.virginie-perrin.notaires.fr\/wp-content\/uploads\/2026\/06\/891541f7b814ae161fdc20260709-1680065-zlo5xy-800x554.jpeg 800w, https:\/\/www.virginie-perrin.notaires.fr\/wp-content\/uploads\/2026\/06\/891541f7b814ae161fdc20260709-1680065-zlo5xy-370x256.jpeg 370w\" sizes=\"(max-width: 800px) 100vw, 800px\" \/>\t\t\t\t\t\t\t\t<a href=\"https:\/\/www.virginie-perrin.notaires.fr\/a-paris-payer-plus-cher-ne-garantit-pas-un-air-plus-sain\/\">\r\n\t\t\t\t\t\t\t\t\t<span class=\"news-one__plus\"><\/span>\r\n\t\t\t\t\t\t\t\t<\/a>\r\n\t\t\t\t\t\t\t<\/div>\r\n\t\t\t\t\t\t\t\t\t\t\t\t<div class=\"news-one__content\">\r\n\t\t\t\t\t\t\t\t\t\t\t\t\t\t\t<p class=\"news-one__sub-title\">Actualites<\/p>\r\n\t\t\t\t\t\t\t\t\t\t\t\t\t\t<h3 class=\"news-one__title\"><a href=\"https:\/\/www.virginie-perrin.notaires.fr\/a-paris-payer-plus-cher-ne-garantit-pas-un-air-plus-sain\/\">\u00c0 Paris, payer plus cher ne garantit pas un air plus sain<\/a><\/h3>\r\n\t\t\t\t\t\t\t<ul class=\"list-unstyled news-one__meta ml-0\">\r\n\t\t\t\t\t\t\t\t<li><span class=\"posted-on\"><i class=\"far fa-clock\"><\/i> <a href=\"https:\/\/www.virginie-perrin.notaires.fr\/a-paris-payer-plus-cher-ne-garantit-pas-un-air-plus-sain\/\" rel=\"bookmark\"><time class=\"entry-date published\" datetime=\"2026-06-30T00:00:00+00:00\">juin 30, 2026<\/time><time class=\"updated\" datetime=\"2026-07-24T13:55:35+00:00\">juillet 24, 2026<\/time><\/a><\/span><\/li>\r\n\t\t\t\t\t\t\t\t\t\t\t\t\t\t\t\t\t<li><span>\/<\/span><\/li>\r\n\t\t\t\t\t\t\t\t\t<li><span class=\"comments-link\"><i class=\"far fa-comments\"><\/i> <a href=\"https:\/\/www.virginie-perrin.notaires.fr\/a-paris-payer-plus-cher-ne-garantit-pas-un-air-plus-sain\/#respond\">Leave a Comment<span class=\"screen-reader-text\"> on \u00c0 Paris, payer plus cher ne garantit pas un air plus sain<\/span><\/a><\/span><\/li>\r\n\t\t\t\t\t\t\t\t\t\t\t\t\t\t\t<\/ul>\r\n\t\t\t\t\t\t<\/div>\r\n\t\t\t\t\t<\/div>\r\n\t\t\t\t<\/div>\r\n\t\t\t\t\t\t\t\t\t\t<div class=\"col-xl-4 col-lg-4 wow fadeInUp\" data-wow-delay=\"100ms\">\r\n\t\t\t\t\t<!--News One Single-->\r\n\t\t\t\t\t<div class=\"news-one__single\">\r\n\t\t\t\t\t\t\t\t\t\t\t\t\t<div class=\"news-one__img\">\r\n\t\t\t\t\t\t\t\t<img loading=\"lazy\" decoding=\"async\" width=\"800\" height=\"554\" src=\"https:\/\/www.virginie-perrin.notaires.fr\/wp-content\/uploads\/2026\/06\/877af0e999127c3541f020260708-3302881-i93qfv-800x554.jpeg\" class=\"attachment-oslim_blog_370X256 size-oslim_blog_370X256 wp-post-image\" alt=\"Cessions de parts de SCI : l&#039;acte notarie devient la regle\" srcset=\"https:\/\/www.virginie-perrin.notaires.fr\/wp-content\/uploads\/2026\/06\/877af0e999127c3541f020260708-3302881-i93qfv-800x554.jpeg 800w, https:\/\/www.virginie-perrin.notaires.fr\/wp-content\/uploads\/2026\/06\/877af0e999127c3541f020260708-3302881-i93qfv-370x256.jpeg 370w\" sizes=\"(max-width: 800px) 100vw, 800px\" \/>\t\t\t\t\t\t\t\t<a href=\"https:\/\/www.virginie-perrin.notaires.fr\/cessions-de-parts-de-sci-lacte-notarie-devient-la-regle\/\">\r\n\t\t\t\t\t\t\t\t\t<span class=\"news-one__plus\"><\/span>\r\n\t\t\t\t\t\t\t\t<\/a>\r\n\t\t\t\t\t\t\t<\/div>\r\n\t\t\t\t\t\t\t\t\t\t\t\t<div class=\"news-one__content\">\r\n\t\t\t\t\t\t\t\t\t\t\t\t\t\t\t<p class=\"news-one__sub-title\">Actualites<\/p>\r\n\t\t\t\t\t\t\t\t\t\t\t\t\t\t<h3 class=\"news-one__title\"><a href=\"https:\/\/www.virginie-perrin.notaires.fr\/cessions-de-parts-de-sci-lacte-notarie-devient-la-regle\/\">Cessions de parts de SCI : l&rsquo;acte notari\u00e9 devient la r\u00e8gle<\/a><\/h3>\r\n\t\t\t\t\t\t\t<ul class=\"list-unstyled news-one__meta ml-0\">\r\n\t\t\t\t\t\t\t\t<li><span class=\"posted-on\"><i class=\"far fa-clock\"><\/i> <a href=\"https:\/\/www.virginie-perrin.notaires.fr\/cessions-de-parts-de-sci-lacte-notarie-devient-la-regle\/\" rel=\"bookmark\"><time class=\"entry-date published\" datetime=\"2026-06-23T00:00:00+00:00\">juin 23, 2026<\/time><time class=\"updated\" datetime=\"2026-07-24T13:56:22+00:00\">juillet 24, 2026<\/time><\/a><\/span><\/li>\r\n\t\t\t\t\t\t\t\t\t\t\t\t\t\t\t\t\t<li><span>\/<\/span><\/li>\r\n\t\t\t\t\t\t\t\t\t<li><span class=\"comments-link\"><i class=\"far fa-comments\"><\/i> <a href=\"https:\/\/www.virginie-perrin.notaires.fr\/cessions-de-parts-de-sci-lacte-notarie-devient-la-regle\/#respond\">Leave a Comment<span class=\"screen-reader-text\"> on Cessions de parts de SCI : l&rsquo;acte notari\u00e9 devient la r\u00e8gle<\/span><\/a><\/span><\/li>\r\n\t\t\t\t\t\t\t\t\t\t\t\t\t\t\t<\/ul>\r\n\t\t\t\t\t\t<\/div>\r\n\t\t\t\t\t<\/div>\r\n\t\t\t\t<\/div>\r\n\t\t\t\t\t\t\t\t\t\t<div class=\"col-xl-4 col-lg-4 wow fadeInUp\" data-wow-delay=\"100ms\">\r\n\t\t\t\t\t<!--News One Single-->\r\n\t\t\t\t\t<div class=\"news-one__single\">\r\n\t\t\t\t\t\t\t\t\t\t\t\t\t<div class=\"news-one__img\">\r\n\t\t\t\t\t\t\t\t<img loading=\"lazy\" decoding=\"async\" width=\"800\" height=\"554\" src=\"https:\/\/www.virginie-perrin.notaires.fr\/wp-content\/uploads\/2026\/06\/3da5b51148bb0790b76120260709-3633360-5lbwc9-800x554.jpeg\" class=\"attachment-oslim_blog_370X256 size-oslim_blog_370X256 wp-post-image\" alt=\"Residence secondaire : le climat s&#039;invite dans le choix de la region\" srcset=\"https:\/\/www.virginie-perrin.notaires.fr\/wp-content\/uploads\/2026\/06\/3da5b51148bb0790b76120260709-3633360-5lbwc9-800x554.jpeg 800w, https:\/\/www.virginie-perrin.notaires.fr\/wp-content\/uploads\/2026\/06\/3da5b51148bb0790b76120260709-3633360-5lbwc9-370x256.jpeg 370w\" sizes=\"(max-width: 800px) 100vw, 800px\" \/>\t\t\t\t\t\t\t\t<a href=\"https:\/\/www.virginie-perrin.notaires.fr\/residence-secondaire-le-climat-sinvite-dans-le-choix-de-la-region\/\">\r\n\t\t\t\t\t\t\t\t\t<span class=\"news-one__plus\"><\/span>\r\n\t\t\t\t\t\t\t\t<\/a>\r\n\t\t\t\t\t\t\t<\/div>\r\n\t\t\t\t\t\t\t\t\t\t\t\t<div class=\"news-one__content\">\r\n\t\t\t\t\t\t\t\t\t\t\t\t\t\t\t<p class=\"news-one__sub-title\">Actualites<\/p>\r\n\t\t\t\t\t\t\t\t\t\t\t\t\t\t<h3 class=\"news-one__title\"><a href=\"https:\/\/www.virginie-perrin.notaires.fr\/residence-secondaire-le-climat-sinvite-dans-le-choix-de-la-region\/\">R\u00e9sidence secondaire : le climat s&rsquo;invite dans le choix de la r\u00e9gion<\/a><\/h3>\r\n\t\t\t\t\t\t\t<ul class=\"list-unstyled news-one__meta ml-0\">\r\n\t\t\t\t\t\t\t\t<li><span class=\"posted-on\"><i class=\"far fa-clock\"><\/i> <a href=\"https:\/\/www.virginie-perrin.notaires.fr\/residence-secondaire-le-climat-sinvite-dans-le-choix-de-la-region\/\" rel=\"bookmark\"><time class=\"entry-date published\" datetime=\"2026-06-23T00:00:00+00:00\">juin 23, 2026<\/time><time class=\"updated\" datetime=\"2026-07-24T13:56:22+00:00\">juillet 24, 2026<\/time><\/a><\/span><\/li>\r\n\t\t\t\t\t\t\t\t\t\t\t\t\t\t\t\t\t<li><span>\/<\/span><\/li>\r\n\t\t\t\t\t\t\t\t\t<li><span class=\"comments-link\"><i class=\"far fa-comments\"><\/i> <a href=\"https:\/\/www.virginie-perrin.notaires.fr\/residence-secondaire-le-climat-sinvite-dans-le-choix-de-la-region\/#respond\">Leave a Comment<span class=\"screen-reader-text\"> on R\u00e9sidence secondaire : le climat s&rsquo;invite dans le choix de la r\u00e9gion<\/span><\/a><\/span><\/li>\r\n\t\t\t\t\t\t\t\t\t\t\t\t\t\t\t<\/ul>\r\n\t\t\t\t\t\t<\/div>\r\n\t\t\t\t\t<\/div>\r\n\t\t\t\t<\/div>\r\n\t\t\t\t\t\t\t\t\t\t<div class=\"col-xl-4 col-lg-4 wow fadeInUp\" data-wow-delay=\"100ms\">\r\n\t\t\t\t\t<!--News One Single-->\r\n\t\t\t\t\t<div class=\"news-one__single\">\r\n\t\t\t\t\t\t\t\t\t\t\t\t\t<div class=\"news-one__img\">\r\n\t\t\t\t\t\t\t\t<img loading=\"lazy\" decoding=\"async\" width=\"800\" height=\"554\" src=\"https:\/\/www.virginie-perrin.notaires.fr\/wp-content\/uploads\/2026\/06\/9bd9366379630abefde820260708-3633360-47ytau-800x554.jpeg\" class=\"attachment-oslim_blog_370X256 size-oslim_blog_370X256 wp-post-image\" alt=\"Investir en nue-propriete : le demembrement seduit les epargnants prudents\" srcset=\"https:\/\/www.virginie-perrin.notaires.fr\/wp-content\/uploads\/2026\/06\/9bd9366379630abefde820260708-3633360-47ytau-800x554.jpeg 800w, https:\/\/www.virginie-perrin.notaires.fr\/wp-content\/uploads\/2026\/06\/9bd9366379630abefde820260708-3633360-47ytau-370x256.jpeg 370w\" sizes=\"(max-width: 800px) 100vw, 800px\" \/>\t\t\t\t\t\t\t\t<a href=\"https:\/\/www.virginie-perrin.notaires.fr\/investir-en-nue-propriete-le-demembrement-seduit-les-epargnants-prudents\/\">\r\n\t\t\t\t\t\t\t\t\t<span class=\"news-one__plus\"><\/span>\r\n\t\t\t\t\t\t\t\t<\/a>\r\n\t\t\t\t\t\t\t<\/div>\r\n\t\t\t\t\t\t\t\t\t\t\t\t<div class=\"news-one__content\">\r\n\t\t\t\t\t\t\t\t\t\t\t\t\t\t\t<p class=\"news-one__sub-title\">Actualites<\/p>\r\n\t\t\t\t\t\t\t\t\t\t\t\t\t\t<h3 class=\"news-one__title\"><a href=\"https:\/\/www.virginie-perrin.notaires.fr\/investir-en-nue-propriete-le-demembrement-seduit-les-epargnants-prudents\/\">Investir en nue-propri\u00e9t\u00e9 : le d\u00e9membrement s\u00e9duit les \u00e9pargnants prudents<\/a><\/h3>\r\n\t\t\t\t\t\t\t<ul class=\"list-unstyled news-one__meta ml-0\">\r\n\t\t\t\t\t\t\t\t<li><span class=\"posted-on\"><i class=\"far fa-clock\"><\/i> <a href=\"https:\/\/www.virginie-perrin.notaires.fr\/investir-en-nue-propriete-le-demembrement-seduit-les-epargnants-prudents\/\" rel=\"bookmark\"><time class=\"entry-date published\" datetime=\"2026-06-23T00:00:00+00:00\">juin 23, 2026<\/time><time class=\"updated\" datetime=\"2026-07-24T13:56:22+00:00\">juillet 24, 2026<\/time><\/a><\/span><\/li>\r\n\t\t\t\t\t\t\t\t\t\t\t\t\t\t\t\t\t<li><span>\/<\/span><\/li>\r\n\t\t\t\t\t\t\t\t\t<li><span class=\"comments-link\"><i class=\"far fa-comments\"><\/i> <a href=\"https:\/\/www.virginie-perrin.notaires.fr\/investir-en-nue-propriete-le-demembrement-seduit-les-epargnants-prudents\/#respond\">Leave a Comment<span class=\"screen-reader-text\"> on Investir en nue-propri\u00e9t\u00e9 : le d\u00e9membrement s\u00e9duit les \u00e9pargnants prudents<\/span><\/a><\/span><\/li>\r\n\t\t\t\t\t\t\t\t\t\t\t\t\t\t\t<\/ul>\r\n\t\t\t\t\t\t<\/div>\r\n\t\t\t\t\t<\/div>\r\n\t\t\t\t<\/div>\r\n\t\t\t\t\t\t\t\t\t\t<div class=\"col-xl-4 col-lg-4 wow fadeInUp\" data-wow-delay=\"100ms\">\r\n\t\t\t\t\t<!--News One Single-->\r\n\t\t\t\t\t<div class=\"news-one__single\">\r\n\t\t\t\t\t\t\t\t\t\t\t\t\t<div class=\"news-one__img\">\r\n\t\t\t\t\t\t\t\t<img loading=\"lazy\" decoding=\"async\" width=\"800\" height=\"554\" src=\"https:\/\/www.virginie-perrin.notaires.fr\/wp-content\/uploads\/2026\/06\/a27ea1f4e69cd065a07920260708-3633360-x2z80c-800x554.jpeg\" class=\"attachment-oslim_blog_370X256 size-oslim_blog_370X256 wp-post-image\" alt=\"Credit immobilier : les taux remontent, les emprunteurs s&#039;adaptent\" srcset=\"https:\/\/www.virginie-perrin.notaires.fr\/wp-content\/uploads\/2026\/06\/a27ea1f4e69cd065a07920260708-3633360-x2z80c-800x554.jpeg 800w, https:\/\/www.virginie-perrin.notaires.fr\/wp-content\/uploads\/2026\/06\/a27ea1f4e69cd065a07920260708-3633360-x2z80c-370x256.jpeg 370w\" sizes=\"(max-width: 800px) 100vw, 800px\" \/>\t\t\t\t\t\t\t\t<a href=\"https:\/\/www.virginie-perrin.notaires.fr\/credit-immobilier-les-taux-remontent-les-emprunteurs-sadaptent\/\">\r\n\t\t\t\t\t\t\t\t\t<span class=\"news-one__plus\"><\/span>\r\n\t\t\t\t\t\t\t\t<\/a>\r\n\t\t\t\t\t\t\t<\/div>\r\n\t\t\t\t\t\t\t\t\t\t\t\t<div class=\"news-one__content\">\r\n\t\t\t\t\t\t\t\t\t\t\t\t\t\t\t<p class=\"news-one__sub-title\">Actualites<\/p>\r\n\t\t\t\t\t\t\t\t\t\t\t\t\t\t<h3 class=\"news-one__title\"><a href=\"https:\/\/www.virginie-perrin.notaires.fr\/credit-immobilier-les-taux-remontent-les-emprunteurs-sadaptent\/\">Cr\u00e9dit immobilier : les taux remontent, les emprunteurs s&rsquo;adaptent<\/a><\/h3>\r\n\t\t\t\t\t\t\t<ul class=\"list-unstyled news-one__meta ml-0\">\r\n\t\t\t\t\t\t\t\t<li><span class=\"posted-on\"><i class=\"far fa-clock\"><\/i> <a href=\"https:\/\/www.virginie-perrin.notaires.fr\/credit-immobilier-les-taux-remontent-les-emprunteurs-sadaptent\/\" rel=\"bookmark\"><time class=\"entry-date published\" datetime=\"2026-06-23T00:00:00+00:00\">juin 23, 2026<\/time><time class=\"updated\" datetime=\"2026-07-24T13:56:22+00:00\">juillet 24, 2026<\/time><\/a><\/span><\/li>\r\n\t\t\t\t\t\t\t\t\t\t\t\t\t\t\t\t\t<li><span>\/<\/span><\/li>\r\n\t\t\t\t\t\t\t\t\t<li><span class=\"comments-link\"><i class=\"far fa-comments\"><\/i> <a href=\"https:\/\/www.virginie-perrin.notaires.fr\/credit-immobilier-les-taux-remontent-les-emprunteurs-sadaptent\/#respond\">Leave a Comment<span class=\"screen-reader-text\"> on Cr\u00e9dit immobilier : les taux remontent, les emprunteurs s&rsquo;adaptent<\/span><\/a><\/span><\/li>\r\n\t\t\t\t\t\t\t\t\t\t\t\t\t\t\t<\/ul>\r\n\t\t\t\t\t\t<\/div>\r\n\t\t\t\t\t<\/div>\r\n\t\t\t\t<\/div>\r\n\t\t\t\t\t\t\t\t\t\t<div class=\"col-xl-4 col-lg-4 wow fadeInUp\" data-wow-delay=\"100ms\">\r\n\t\t\t\t\t<!--News One Single-->\r\n\t\t\t\t\t<div class=\"news-one__single\">\r\n\t\t\t\t\t\t\t\t\t\t\t\t\t<div class=\"news-one__img\">\r\n\t\t\t\t\t\t\t\t<img loading=\"lazy\" decoding=\"async\" width=\"800\" height=\"554\" src=\"https:\/\/www.virginie-perrin.notaires.fr\/wp-content\/uploads\/2026\/06\/1ffa013744e508afd86720260709-1680065-o6cfju-800x554.jpeg\" class=\"attachment-oslim_blog_370X256 size-oslim_blog_370X256 wp-post-image\" alt=\"Location saisonniere de luxe : un marche tire par l&#039;ultra haut de gamme\" srcset=\"https:\/\/www.virginie-perrin.notaires.fr\/wp-content\/uploads\/2026\/06\/1ffa013744e508afd86720260709-1680065-o6cfju-800x554.jpeg 800w, https:\/\/www.virginie-perrin.notaires.fr\/wp-content\/uploads\/2026\/06\/1ffa013744e508afd86720260709-1680065-o6cfju-370x256.jpeg 370w\" sizes=\"(max-width: 800px) 100vw, 800px\" \/>\t\t\t\t\t\t\t\t<a href=\"https:\/\/www.virginie-perrin.notaires.fr\/location-saisonniere-de-luxe-un-marche-tire-par-lultra-haut-de-gamme\/\">\r\n\t\t\t\t\t\t\t\t\t<span class=\"news-one__plus\"><\/span>\r\n\t\t\t\t\t\t\t\t<\/a>\r\n\t\t\t\t\t\t\t<\/div>\r\n\t\t\t\t\t\t\t\t\t\t\t\t<div class=\"news-one__content\">\r\n\t\t\t\t\t\t\t\t\t\t\t\t\t\t\t<p class=\"news-one__sub-title\">Actualites<\/p>\r\n\t\t\t\t\t\t\t\t\t\t\t\t\t\t<h3 class=\"news-one__title\"><a href=\"https:\/\/www.virginie-perrin.notaires.fr\/location-saisonniere-de-luxe-un-marche-tire-par-lultra-haut-de-gamme\/\">Location saisonniere de luxe : un marche tire par l&rsquo;ultra haut de gamme<\/a><\/h3>\r\n\t\t\t\t\t\t\t<ul class=\"list-unstyled news-one__meta ml-0\">\r\n\t\t\t\t\t\t\t\t<li><span class=\"posted-on\"><i class=\"far fa-clock\"><\/i> <a href=\"https:\/\/www.virginie-perrin.notaires.fr\/location-saisonniere-de-luxe-un-marche-tire-par-lultra-haut-de-gamme\/\" rel=\"bookmark\"><time class=\"entry-date published updated\" datetime=\"2026-06-23T00:00:00+00:00\">juin 23, 2026<\/time><\/a><\/span><\/li>\r\n\t\t\t\t\t\t\t\t\t\t\t\t\t\t\t\t\t<li><span>\/<\/span><\/li>\r\n\t\t\t\t\t\t\t\t\t<li><span class=\"comments-link\"><i class=\"far fa-comments\"><\/i> <a href=\"https:\/\/www.virginie-perrin.notaires.fr\/location-saisonniere-de-luxe-un-marche-tire-par-lultra-haut-de-gamme\/#respond\">Leave a Comment<span class=\"screen-reader-text\"> on Location saisonniere de luxe : un marche tire par l&rsquo;ultra haut de gamme<\/span><\/a><\/span><\/li>\r\n\t\t\t\t\t\t\t\t\t\t\t\t\t\t\t<\/ul>\r\n\t\t\t\t\t\t<\/div>\r\n\t\t\t\t\t<\/div>\r\n\t\t\t\t<\/div>\r\n\t\t\t\t\t\t\t\t\t\t<div class=\"col-xl-4 col-lg-4 wow fadeInUp\" data-wow-delay=\"100ms\">\r\n\t\t\t\t\t<!--News One Single-->\r\n\t\t\t\t\t<div class=\"news-one__single\">\r\n\t\t\t\t\t\t\t\t\t\t\t\t\t<div class=\"news-one__img\">\r\n\t\t\t\t\t\t\t\t<img loading=\"lazy\" decoding=\"async\" width=\"800\" height=\"554\" src=\"https:\/\/www.virginie-perrin.notaires.fr\/wp-content\/uploads\/2026\/06\/f8a8e25f1405b9c6fbb820260624-1225265-1v6219-800x554.jpeg\" class=\"attachment-oslim_blog_370X256 size-oslim_blog_370X256 wp-post-image\" alt=\"Couples non maries : comment proteger son partenaire sans pension de reversion\" srcset=\"https:\/\/www.virginie-perrin.notaires.fr\/wp-content\/uploads\/2026\/06\/f8a8e25f1405b9c6fbb820260624-1225265-1v6219-800x554.jpeg 800w, https:\/\/www.virginie-perrin.notaires.fr\/wp-content\/uploads\/2026\/06\/f8a8e25f1405b9c6fbb820260624-1225265-1v6219-370x256.jpeg 370w\" sizes=\"(max-width: 800px) 100vw, 800px\" \/>\t\t\t\t\t\t\t\t<a href=\"https:\/\/www.virginie-perrin.notaires.fr\/couples-non-maries-comment-proteger-son-partenaire-sans-pension-de-reversion\/\">\r\n\t\t\t\t\t\t\t\t\t<span class=\"news-one__plus\"><\/span>\r\n\t\t\t\t\t\t\t\t<\/a>\r\n\t\t\t\t\t\t\t<\/div>\r\n\t\t\t\t\t\t\t\t\t\t\t\t<div class=\"news-one__content\">\r\n\t\t\t\t\t\t\t\t\t\t\t\t\t\t\t<p class=\"news-one__sub-title\">Actualites<\/p>\r\n\t\t\t\t\t\t\t\t\t\t\t\t\t\t<h3 class=\"news-one__title\"><a href=\"https:\/\/www.virginie-perrin.notaires.fr\/couples-non-maries-comment-proteger-son-partenaire-sans-pension-de-reversion\/\">Couples non maries : comment proteger son partenaire sans pension de reversion<\/a><\/h3>\r\n\t\t\t\t\t\t\t<ul class=\"list-unstyled news-one__meta ml-0\">\r\n\t\t\t\t\t\t\t\t<li><span class=\"posted-on\"><i class=\"far fa-clock\"><\/i> <a href=\"https:\/\/www.virginie-perrin.notaires.fr\/couples-non-maries-comment-proteger-son-partenaire-sans-pension-de-reversion\/\" rel=\"bookmark\"><time class=\"entry-date published updated\" datetime=\"2026-06-16T00:00:00+00:00\">juin 16, 2026<\/time><\/a><\/span><\/li>\r\n\t\t\t\t\t\t\t\t\t\t\t\t\t\t\t\t\t<li><span>\/<\/span><\/li>\r\n\t\t\t\t\t\t\t\t\t<li><span class=\"comments-link\"><i class=\"far fa-comments\"><\/i> <a href=\"https:\/\/www.virginie-perrin.notaires.fr\/couples-non-maries-comment-proteger-son-partenaire-sans-pension-de-reversion\/#respond\">Leave a Comment<span class=\"screen-reader-text\"> on Couples non maries : comment proteger son partenaire sans pension de reversion<\/span><\/a><\/span><\/li>\r\n\t\t\t\t\t\t\t\t\t\t\t\t\t\t\t<\/ul>\r\n\t\t\t\t\t\t<\/div>\r\n\t\t\t\t\t<\/div>\r\n\t\t\t\t<\/div>\r\n\t\t\t\t\t\t\t\t\t\t<div class=\"col-xl-4 col-lg-4 wow fadeInUp\" data-wow-delay=\"100ms\">\r\n\t\t\t\t\t<!--News One Single-->\r\n\t\t\t\t\t<div class=\"news-one__single\">\r\n\t\t\t\t\t\t\t\t\t\t\t\t\t<div class=\"news-one__img\">\r\n\t\t\t\t\t\t\t\t<img loading=\"lazy\" decoding=\"async\" width=\"800\" height=\"554\" src=\"https:\/\/www.virginie-perrin.notaires.fr\/wp-content\/uploads\/2026\/06\/732621f92889df4b0d7320260624-1225265-1pakp6-800x554.jpeg\" class=\"attachment-oslim_blog_370X256 size-oslim_blog_370X256 wp-post-image\" alt=\"Assurance-vie : qui pilote le contrat en cas de protection juridique ?\" srcset=\"https:\/\/www.virginie-perrin.notaires.fr\/wp-content\/uploads\/2026\/06\/732621f92889df4b0d7320260624-1225265-1pakp6-800x554.jpeg 800w, https:\/\/www.virginie-perrin.notaires.fr\/wp-content\/uploads\/2026\/06\/732621f92889df4b0d7320260624-1225265-1pakp6-370x256.jpeg 370w\" sizes=\"(max-width: 800px) 100vw, 800px\" \/>\t\t\t\t\t\t\t\t<a href=\"https:\/\/www.virginie-perrin.notaires.fr\/assurance-vie-qui-pilote-le-contrat-en-cas-de-protection-juridique\/\">\r\n\t\t\t\t\t\t\t\t\t<span class=\"news-one__plus\"><\/span>\r\n\t\t\t\t\t\t\t\t<\/a>\r\n\t\t\t\t\t\t\t<\/div>\r\n\t\t\t\t\t\t\t\t\t\t\t\t<div class=\"news-one__content\">\r\n\t\t\t\t\t\t\t\t\t\t\t\t\t\t\t<p class=\"news-one__sub-title\">Actualites<\/p>\r\n\t\t\t\t\t\t\t\t\t\t\t\t\t\t<h3 class=\"news-one__title\"><a href=\"https:\/\/www.virginie-perrin.notaires.fr\/assurance-vie-qui-pilote-le-contrat-en-cas-de-protection-juridique\/\">Assurance-vie : qui pilote le contrat en cas de protection juridique ?<\/a><\/h3>\r\n\t\t\t\t\t\t\t<ul class=\"list-unstyled news-one__meta ml-0\">\r\n\t\t\t\t\t\t\t\t<li><span class=\"posted-on\"><i class=\"far fa-clock\"><\/i> <a href=\"https:\/\/www.virginie-perrin.notaires.fr\/assurance-vie-qui-pilote-le-contrat-en-cas-de-protection-juridique\/\" rel=\"bookmark\"><time class=\"entry-date published updated\" datetime=\"2026-06-16T00:00:00+00:00\">juin 16, 2026<\/time><\/a><\/span><\/li>\r\n\t\t\t\t\t\t\t\t\t\t\t\t\t\t\t\t\t<li><span>\/<\/span><\/li>\r\n\t\t\t\t\t\t\t\t\t<li><span class=\"comments-link\"><i class=\"far fa-comments\"><\/i> <a href=\"https:\/\/www.virginie-perrin.notaires.fr\/assurance-vie-qui-pilote-le-contrat-en-cas-de-protection-juridique\/#respond\">Leave a Comment<span class=\"screen-reader-text\"> on Assurance-vie : qui pilote le contrat en cas de protection juridique ?<\/span><\/a><\/span><\/li>\r\n\t\t\t\t\t\t\t\t\t\t\t\t\t\t\t<\/ul>\r\n\t\t\t\t\t\t<\/div>\r\n\t\t\t\t\t<\/div>\r\n\t\t\t\t<\/div>\r\n\t\t\t\t\t\t\t\t\t\t<div class=\"col-xl-4 col-lg-4 wow fadeInUp\" data-wow-delay=\"100ms\">\r\n\t\t\t\t\t<!--News One Single-->\r\n\t\t\t\t\t<div class=\"news-one__single\">\r\n\t\t\t\t\t\t\t\t\t\t\t\t\t<div class=\"news-one__img\">\r\n\t\t\t\t\t\t\t\t<img loading=\"lazy\" decoding=\"async\" width=\"800\" height=\"554\" src=\"https:\/\/www.virginie-perrin.notaires.fr\/wp-content\/uploads\/2026\/06\/c3fdb4bb70936137418c20260624-1225265-vy7uqi-800x554.jpeg\" class=\"attachment-oslim_blog_370X256 size-oslim_blog_370X256 wp-post-image\" alt=\"Grandes fortunes : l&#039;immobilier reste l&#039;actif refuge, Paris tient son rang\" srcset=\"https:\/\/www.virginie-perrin.notaires.fr\/wp-content\/uploads\/2026\/06\/c3fdb4bb70936137418c20260624-1225265-vy7uqi-800x554.jpeg 800w, https:\/\/www.virginie-perrin.notaires.fr\/wp-content\/uploads\/2026\/06\/c3fdb4bb70936137418c20260624-1225265-vy7uqi-370x256.jpeg 370w\" sizes=\"(max-width: 800px) 100vw, 800px\" \/>\t\t\t\t\t\t\t\t<a href=\"https:\/\/www.virginie-perrin.notaires.fr\/grandes-fortunes-limmobilier-reste-lactif-refuge-paris-tient-son-rang\/\">\r\n\t\t\t\t\t\t\t\t\t<span class=\"news-one__plus\"><\/span>\r\n\t\t\t\t\t\t\t\t<\/a>\r\n\t\t\t\t\t\t\t<\/div>\r\n\t\t\t\t\t\t\t\t\t\t\t\t<div class=\"news-one__content\">\r\n\t\t\t\t\t\t\t\t\t\t\t\t\t\t\t<p class=\"news-one__sub-title\">Actualites<\/p>\r\n\t\t\t\t\t\t\t\t\t\t\t\t\t\t<h3 class=\"news-one__title\"><a href=\"https:\/\/www.virginie-perrin.notaires.fr\/grandes-fortunes-limmobilier-reste-lactif-refuge-paris-tient-son-rang\/\">Grandes fortunes : l&rsquo;immobilier reste l&rsquo;actif refuge, Paris tient son rang<\/a><\/h3>\r\n\t\t\t\t\t\t\t<ul class=\"list-unstyled news-one__meta ml-0\">\r\n\t\t\t\t\t\t\t\t<li><span class=\"posted-on\"><i class=\"far fa-clock\"><\/i> <a href=\"https:\/\/www.virginie-perrin.notaires.fr\/grandes-fortunes-limmobilier-reste-lactif-refuge-paris-tient-son-rang\/\" rel=\"bookmark\"><time class=\"entry-date published updated\" datetime=\"2026-06-16T00:00:00+00:00\">juin 16, 2026<\/time><\/a><\/span><\/li>\r\n\t\t\t\t\t\t\t\t\t\t\t\t\t\t\t\t\t<li><span>\/<\/span><\/li>\r\n\t\t\t\t\t\t\t\t\t<li><span class=\"comments-link\"><i class=\"far fa-comments\"><\/i> <a href=\"https:\/\/www.virginie-perrin.notaires.fr\/grandes-fortunes-limmobilier-reste-lactif-refuge-paris-tient-son-rang\/#respond\">Leave a Comment<span class=\"screen-reader-text\"> on Grandes fortunes : l&rsquo;immobilier reste l&rsquo;actif refuge, Paris tient son rang<\/span><\/a><\/span><\/li>\r\n\t\t\t\t\t\t\t\t\t\t\t\t\t\t\t<\/ul>\r\n\t\t\t\t\t\t<\/div>\r\n\t\t\t\t\t<\/div>\r\n\t\t\t\t<\/div>\r\n\t\t\t\t\t\t\t\t\t\t<div class=\"col-xl-4 col-lg-4 wow fadeInUp\" data-wow-delay=\"100ms\">\r\n\t\t\t\t\t<!--News One Single-->\r\n\t\t\t\t\t<div class=\"news-one__single\">\r\n\t\t\t\t\t\t\t\t\t\t\t\t\t<div class=\"news-one__img\">\r\n\t\t\t\t\t\t\t\t<img loading=\"lazy\" decoding=\"async\" width=\"800\" height=\"554\" src=\"https:\/\/www.virginie-perrin.notaires.fr\/wp-content\/uploads\/2026\/06\/0ec6334d50d335cf67fb20260624-1225265-61beg2-800x554.jpeg\" class=\"attachment-oslim_blog_370X256 size-oslim_blog_370X256 wp-post-image\" alt=\"Futurs retraites : l&#039;envie de partir tot se heurte au mur du pouvoir d&#039;achat\" srcset=\"https:\/\/www.virginie-perrin.notaires.fr\/wp-content\/uploads\/2026\/06\/0ec6334d50d335cf67fb20260624-1225265-61beg2-800x554.jpeg 800w, https:\/\/www.virginie-perrin.notaires.fr\/wp-content\/uploads\/2026\/06\/0ec6334d50d335cf67fb20260624-1225265-61beg2-370x256.jpeg 370w\" sizes=\"(max-width: 800px) 100vw, 800px\" \/>\t\t\t\t\t\t\t\t<a href=\"https:\/\/www.virginie-perrin.notaires.fr\/futurs-retraites-lenvie-de-partir-tot-se-heurte-au-mur-du-pouvoir-dachat\/\">\r\n\t\t\t\t\t\t\t\t\t<span class=\"news-one__plus\"><\/span>\r\n\t\t\t\t\t\t\t\t<\/a>\r\n\t\t\t\t\t\t\t<\/div>\r\n\t\t\t\t\t\t\t\t\t\t\t\t<div class=\"news-one__content\">\r\n\t\t\t\t\t\t\t\t\t\t\t\t\t\t\t<p class=\"news-one__sub-title\">Actualites<\/p>\r\n\t\t\t\t\t\t\t\t\t\t\t\t\t\t<h3 class=\"news-one__title\"><a href=\"https:\/\/www.virginie-perrin.notaires.fr\/futurs-retraites-lenvie-de-partir-tot-se-heurte-au-mur-du-pouvoir-dachat\/\">Futurs retraites : l&rsquo;envie de partir tot se heurte au mur du pouvoir d&rsquo;achat<\/a><\/h3>\r\n\t\t\t\t\t\t\t<ul class=\"list-unstyled news-one__meta ml-0\">\r\n\t\t\t\t\t\t\t\t<li><span class=\"posted-on\"><i class=\"far fa-clock\"><\/i> <a href=\"https:\/\/www.virginie-perrin.notaires.fr\/futurs-retraites-lenvie-de-partir-tot-se-heurte-au-mur-du-pouvoir-dachat\/\" rel=\"bookmark\"><time class=\"entry-date published updated\" datetime=\"2026-06-16T00:00:00+00:00\">juin 16, 2026<\/time><\/a><\/span><\/li>\r\n\t\t\t\t\t\t\t\t\t\t\t\t\t\t\t\t\t<li><span>\/<\/span><\/li>\r\n\t\t\t\t\t\t\t\t\t<li><span class=\"comments-link\"><i class=\"far fa-comments\"><\/i> <a href=\"https:\/\/www.virginie-perrin.notaires.fr\/futurs-retraites-lenvie-de-partir-tot-se-heurte-au-mur-du-pouvoir-dachat\/#respond\">Leave a Comment<span class=\"screen-reader-text\"> on Futurs retraites : l&rsquo;envie de partir tot se heurte au mur du pouvoir d&rsquo;achat<\/span><\/a><\/span><\/li>\r\n\t\t\t\t\t\t\t\t\t\t\t\t\t\t\t<\/ul>\r\n\t\t\t\t\t\t<\/div>\r\n\t\t\t\t\t<\/div>\r\n\t\t\t\t<\/div>\r\n\t\t\t\t\t\t\t\t\t\t<div class=\"col-xl-4 col-lg-4 wow fadeInUp\" data-wow-delay=\"100ms\">\r\n\t\t\t\t\t<!--News One Single-->\r\n\t\t\t\t\t<div class=\"news-one__single\">\r\n\t\t\t\t\t\t\t\t\t\t\t\t\t<div class=\"news-one__img\">\r\n\t\t\t\t\t\t\t\t<img loading=\"lazy\" decoding=\"async\" width=\"800\" height=\"554\" src=\"https:\/\/www.virginie-perrin.notaires.fr\/wp-content\/uploads\/2026\/06\/47d66ec66e9af0cf005920260624-1225265-5j9ngf-800x554.jpeg\" class=\"attachment-oslim_blog_370X256 size-oslim_blog_370X256 wp-post-image\" alt=\"Retraite europeenne : une plateforme pour reconstituer ses droits acquis a l&#039;etranger\" srcset=\"https:\/\/www.virginie-perrin.notaires.fr\/wp-content\/uploads\/2026\/06\/47d66ec66e9af0cf005920260624-1225265-5j9ngf-800x554.jpeg 800w, https:\/\/www.virginie-perrin.notaires.fr\/wp-content\/uploads\/2026\/06\/47d66ec66e9af0cf005920260624-1225265-5j9ngf-370x256.jpeg 370w\" sizes=\"(max-width: 800px) 100vw, 800px\" \/>\t\t\t\t\t\t\t\t<a href=\"https:\/\/www.virginie-perrin.notaires.fr\/retraite-europeenne-une-plateforme-pour-reconstituer-ses-droits-acquis-a-letranger\/\">\r\n\t\t\t\t\t\t\t\t\t<span class=\"news-one__plus\"><\/span>\r\n\t\t\t\t\t\t\t\t<\/a>\r\n\t\t\t\t\t\t\t<\/div>\r\n\t\t\t\t\t\t\t\t\t\t\t\t<div class=\"news-one__content\">\r\n\t\t\t\t\t\t\t\t\t\t\t\t\t\t\t<p class=\"news-one__sub-title\">Actualites<\/p>\r\n\t\t\t\t\t\t\t\t\t\t\t\t\t\t<h3 class=\"news-one__title\"><a href=\"https:\/\/www.virginie-perrin.notaires.fr\/retraite-europeenne-une-plateforme-pour-reconstituer-ses-droits-acquis-a-letranger\/\">Retraite europeenne : une plateforme pour reconstituer ses droits acquis a l&rsquo;etranger<\/a><\/h3>\r\n\t\t\t\t\t\t\t<ul class=\"list-unstyled news-one__meta ml-0\">\r\n\t\t\t\t\t\t\t\t<li><span class=\"posted-on\"><i class=\"far fa-clock\"><\/i> <a href=\"https:\/\/www.virginie-perrin.notaires.fr\/retraite-europeenne-une-plateforme-pour-reconstituer-ses-droits-acquis-a-letranger\/\" rel=\"bookmark\"><time class=\"entry-date published updated\" datetime=\"2026-06-16T00:00:00+00:00\">juin 16, 2026<\/time><\/a><\/span><\/li>\r\n\t\t\t\t\t\t\t\t\t\t\t\t\t\t\t\t\t<li><span>\/<\/span><\/li>\r\n\t\t\t\t\t\t\t\t\t<li><span class=\"comments-link\"><i class=\"far fa-comments\"><\/i> <a href=\"https:\/\/www.virginie-perrin.notaires.fr\/retraite-europeenne-une-plateforme-pour-reconstituer-ses-droits-acquis-a-letranger\/#respond\">Leave a Comment<span class=\"screen-reader-text\"> on Retraite europeenne : une plateforme pour reconstituer ses droits acquis a l&rsquo;etranger<\/span><\/a><\/span><\/li>\r\n\t\t\t\t\t\t\t\t\t\t\t\t\t\t\t<\/ul>\r\n\t\t\t\t\t\t<\/div>\r\n\t\t\t\t\t<\/div>\r\n\t\t\t\t<\/div>\r\n\t\t\t\t\t\t\t\t\t\t<div class=\"col-xl-4 col-lg-4 wow fadeInUp\" data-wow-delay=\"100ms\">\r\n\t\t\t\t\t<!--News One Single-->\r\n\t\t\t\t\t<div class=\"news-one__single\">\r\n\t\t\t\t\t\t\t\t\t\t\t\t\t<div class=\"news-one__img\">\r\n\t\t\t\t\t\t\t\t<img loading=\"lazy\" decoding=\"async\" width=\"800\" height=\"554\" src=\"https:\/\/www.virginie-perrin.notaires.fr\/wp-content\/uploads\/2026\/06\/f57b1ff7af7967e8d0e720260611-3058403-cdcfkh-800x554.jpeg\" class=\"attachment-oslim_blog_370X256 size-oslim_blog_370X256 wp-post-image\" alt=\"Investissement immobilier\" srcset=\"https:\/\/www.virginie-perrin.notaires.fr\/wp-content\/uploads\/2026\/06\/f57b1ff7af7967e8d0e720260611-3058403-cdcfkh-800x554.jpeg 800w, https:\/\/www.virginie-perrin.notaires.fr\/wp-content\/uploads\/2026\/06\/f57b1ff7af7967e8d0e720260611-3058403-cdcfkh-370x256.jpeg 370w\" sizes=\"(max-width: 800px) 100vw, 800px\" \/>\t\t\t\t\t\t\t\t<a href=\"https:\/\/www.virginie-perrin.notaires.fr\/investissement-immobilier-apprendre-par-la-simulation-avant-de-se-lancer\/\">\r\n\t\t\t\t\t\t\t\t\t<span class=\"news-one__plus\"><\/span>\r\n\t\t\t\t\t\t\t\t<\/a>\r\n\t\t\t\t\t\t\t<\/div>\r\n\t\t\t\t\t\t\t\t\t\t\t\t<div class=\"news-one__content\">\r\n\t\t\t\t\t\t\t\t\t\t\t\t\t\t\t<p class=\"news-one__sub-title\">Actualites<\/p>\r\n\t\t\t\t\t\t\t\t\t\t\t\t\t\t<h3 class=\"news-one__title\"><a href=\"https:\/\/www.virginie-perrin.notaires.fr\/investissement-immobilier-apprendre-par-la-simulation-avant-de-se-lancer\/\">Investissement immobilier : apprendre par la simulation avant de se lancer<\/a><\/h3>\r\n\t\t\t\t\t\t\t<ul class=\"list-unstyled news-one__meta ml-0\">\r\n\t\t\t\t\t\t\t\t<li><span class=\"posted-on\"><i class=\"far fa-clock\"><\/i> <a href=\"https:\/\/www.virginie-perrin.notaires.fr\/investissement-immobilier-apprendre-par-la-simulation-avant-de-se-lancer\/\" rel=\"bookmark\"><time class=\"entry-date published updated\" datetime=\"2026-06-09T00:00:00+00:00\">juin 9, 2026<\/time><\/a><\/span><\/li>\r\n\t\t\t\t\t\t\t\t\t\t\t\t\t\t\t\t\t<li><span>\/<\/span><\/li>\r\n\t\t\t\t\t\t\t\t\t<li><span class=\"comments-link\"><i class=\"far fa-comments\"><\/i> <a href=\"https:\/\/www.virginie-perrin.notaires.fr\/investissement-immobilier-apprendre-par-la-simulation-avant-de-se-lancer\/#respond\">Leave a Comment<span class=\"screen-reader-text\"> on Investissement immobilier : apprendre par la simulation avant de se lancer<\/span><\/a><\/span><\/li>\r\n\t\t\t\t\t\t\t\t\t\t\t\t\t\t\t<\/ul>\r\n\t\t\t\t\t\t<\/div>\r\n\t\t\t\t\t<\/div>\r\n\t\t\t\t<\/div>\r\n\t\t\t\t\t\t\t\t\t\t<div class=\"col-xl-4 col-lg-4 wow fadeInUp\" data-wow-delay=\"100ms\">\r\n\t\t\t\t\t<!--News One Single-->\r\n\t\t\t\t\t<div class=\"news-one__single\">\r\n\t\t\t\t\t\t\t\t\t\t\t\t\t<div class=\"news-one__img\">\r\n\t\t\t\t\t\t\t\t<img loading=\"lazy\" decoding=\"async\" width=\"800\" height=\"554\" src=\"https:\/\/www.virginie-perrin.notaires.fr\/wp-content\/uploads\/2026\/06\/176545eae06d13abb8ba20260611-1598378-a58rsx-800x554.jpeg\" class=\"attachment-oslim_blog_370X256 size-oslim_blog_370X256 wp-post-image\" alt=\"Seniors proprietaires : financer sa retraite sans renoncer a transmettre\" srcset=\"https:\/\/www.virginie-perrin.notaires.fr\/wp-content\/uploads\/2026\/06\/176545eae06d13abb8ba20260611-1598378-a58rsx-800x554.jpeg 800w, https:\/\/www.virginie-perrin.notaires.fr\/wp-content\/uploads\/2026\/06\/176545eae06d13abb8ba20260611-1598378-a58rsx-370x256.jpeg 370w\" sizes=\"(max-width: 800px) 100vw, 800px\" \/>\t\t\t\t\t\t\t\t<a href=\"https:\/\/www.virginie-perrin.notaires.fr\/seniors-proprietaires-financer-sa-retraite-sans-renoncer-a-transmettre\/\">\r\n\t\t\t\t\t\t\t\t\t<span class=\"news-one__plus\"><\/span>\r\n\t\t\t\t\t\t\t\t<\/a>\r\n\t\t\t\t\t\t\t<\/div>\r\n\t\t\t\t\t\t\t\t\t\t\t\t<div class=\"news-one__content\">\r\n\t\t\t\t\t\t\t\t\t\t\t\t\t\t\t<p class=\"news-one__sub-title\">Actualites<\/p>\r\n\t\t\t\t\t\t\t\t\t\t\t\t\t\t<h3 class=\"news-one__title\"><a href=\"https:\/\/www.virginie-perrin.notaires.fr\/seniors-proprietaires-financer-sa-retraite-sans-renoncer-a-transmettre\/\">Seniors proprietaires : financer sa retraite sans renoncer a transmettre<\/a><\/h3>\r\n\t\t\t\t\t\t\t<ul class=\"list-unstyled news-one__meta ml-0\">\r\n\t\t\t\t\t\t\t\t<li><span class=\"posted-on\"><i class=\"far fa-clock\"><\/i> <a href=\"https:\/\/www.virginie-perrin.notaires.fr\/seniors-proprietaires-financer-sa-retraite-sans-renoncer-a-transmettre\/\" rel=\"bookmark\"><time class=\"entry-date published updated\" datetime=\"2026-06-09T00:00:00+00:00\">juin 9, 2026<\/time><\/a><\/span><\/li>\r\n\t\t\t\t\t\t\t\t\t\t\t\t\t\t\t\t\t<li><span>\/<\/span><\/li>\r\n\t\t\t\t\t\t\t\t\t<li><span class=\"comments-link\"><i class=\"far fa-comments\"><\/i> <a href=\"https:\/\/www.virginie-perrin.notaires.fr\/seniors-proprietaires-financer-sa-retraite-sans-renoncer-a-transmettre\/#respond\">Leave a Comment<span class=\"screen-reader-text\"> on Seniors proprietaires : financer sa retraite sans renoncer a transmettre<\/span><\/a><\/span><\/li>\r\n\t\t\t\t\t\t\t\t\t\t\t\t\t\t\t<\/ul>\r\n\t\t\t\t\t\t<\/div>\r\n\t\t\t\t\t<\/div>\r\n\t\t\t\t<\/div>\r\n\t\t\t\t\t\t\t\t\t\t<div class=\"col-xl-4 col-lg-4 wow fadeInUp\" data-wow-delay=\"100ms\">\r\n\t\t\t\t\t<!--News One Single-->\r\n\t\t\t\t\t<div class=\"news-one__single\">\r\n\t\t\t\t\t\t\t\t\t\t\t\t\t<div class=\"news-one__img\">\r\n\t\t\t\t\t\t\t\t<img loading=\"lazy\" decoding=\"async\" width=\"800\" height=\"554\" src=\"https:\/\/www.virginie-perrin.notaires.fr\/wp-content\/uploads\/2026\/06\/48fae24df80bfeaf740820260611-3058403-yxury1-800x554.jpeg\" class=\"attachment-oslim_blog_370X256 size-oslim_blog_370X256 wp-post-image\" alt=\"Independants : le deficit de prevoyance que beaucoup sous-estiment\" srcset=\"https:\/\/www.virginie-perrin.notaires.fr\/wp-content\/uploads\/2026\/06\/48fae24df80bfeaf740820260611-3058403-yxury1-800x554.jpeg 800w, https:\/\/www.virginie-perrin.notaires.fr\/wp-content\/uploads\/2026\/06\/48fae24df80bfeaf740820260611-3058403-yxury1-370x256.jpeg 370w\" sizes=\"(max-width: 800px) 100vw, 800px\" \/>\t\t\t\t\t\t\t\t<a href=\"https:\/\/www.virginie-perrin.notaires.fr\/independants-le-deficit-de-prevoyance-que-beaucoup-sous-estiment\/\">\r\n\t\t\t\t\t\t\t\t\t<span class=\"news-one__plus\"><\/span>\r\n\t\t\t\t\t\t\t\t<\/a>\r\n\t\t\t\t\t\t\t<\/div>\r\n\t\t\t\t\t\t\t\t\t\t\t\t<div class=\"news-one__content\">\r\n\t\t\t\t\t\t\t\t\t\t\t\t\t\t\t<p class=\"news-one__sub-title\">Actualites<\/p>\r\n\t\t\t\t\t\t\t\t\t\t\t\t\t\t<h3 class=\"news-one__title\"><a href=\"https:\/\/www.virginie-perrin.notaires.fr\/independants-le-deficit-de-prevoyance-que-beaucoup-sous-estiment\/\">Independants : le deficit de prevoyance que beaucoup sous-estiment<\/a><\/h3>\r\n\t\t\t\t\t\t\t<ul class=\"list-unstyled news-one__meta ml-0\">\r\n\t\t\t\t\t\t\t\t<li><span class=\"posted-on\"><i class=\"far fa-clock\"><\/i> <a href=\"https:\/\/www.virginie-perrin.notaires.fr\/independants-le-deficit-de-prevoyance-que-beaucoup-sous-estiment\/\" rel=\"bookmark\"><time class=\"entry-date published updated\" datetime=\"2026-06-09T00:00:00+00:00\">juin 9, 2026<\/time><\/a><\/span><\/li>\r\n\t\t\t\t\t\t\t\t\t\t\t\t\t\t\t\t\t<li><span>\/<\/span><\/li>\r\n\t\t\t\t\t\t\t\t\t<li><span class=\"comments-link\"><i class=\"far fa-comments\"><\/i> <a href=\"https:\/\/www.virginie-perrin.notaires.fr\/independants-le-deficit-de-prevoyance-que-beaucoup-sous-estiment\/#respond\">Leave a Comment<span class=\"screen-reader-text\"> on Independants : le deficit de prevoyance que beaucoup sous-estiment<\/span><\/a><\/span><\/li>\r\n\t\t\t\t\t\t\t\t\t\t\t\t\t\t\t<\/ul>\r\n\t\t\t\t\t\t<\/div>\r\n\t\t\t\t\t<\/div>\r\n\t\t\t\t<\/div>\r\n\t\t\t\t\t\t\t\t\t\t<div class=\"col-xl-4 col-lg-4 wow fadeInUp\" data-wow-delay=\"100ms\">\r\n\t\t\t\t\t<!--News One Single-->\r\n\t\t\t\t\t<div class=\"news-one__single\">\r\n\t\t\t\t\t\t\t\t\t\t\t\t\t<div class=\"news-one__img\">\r\n\t\t\t\t\t\t\t\t<img loading=\"lazy\" decoding=\"async\" width=\"800\" height=\"554\" src=\"https:\/\/www.virginie-perrin.notaires.fr\/wp-content\/uploads\/2026\/06\/1b122940b083477b29a720260611-1627942-j9l4zk-800x554.jpeg\" class=\"attachment-oslim_blog_370X256 size-oslim_blog_370X256 wp-post-image\" alt=\"SCPI : pourquoi votre rang dans la file de retrait peut sembler reculer\" srcset=\"https:\/\/www.virginie-perrin.notaires.fr\/wp-content\/uploads\/2026\/06\/1b122940b083477b29a720260611-1627942-j9l4zk-800x554.jpeg 800w, https:\/\/www.virginie-perrin.notaires.fr\/wp-content\/uploads\/2026\/06\/1b122940b083477b29a720260611-1627942-j9l4zk-370x256.jpeg 370w\" sizes=\"(max-width: 800px) 100vw, 800px\" \/>\t\t\t\t\t\t\t\t<a href=\"https:\/\/www.virginie-perrin.notaires.fr\/scpi-pourquoi-votre-rang-dans-la-file-de-retrait-peut-sembler-reculer\/\">\r\n\t\t\t\t\t\t\t\t\t<span class=\"news-one__plus\"><\/span>\r\n\t\t\t\t\t\t\t\t<\/a>\r\n\t\t\t\t\t\t\t<\/div>\r\n\t\t\t\t\t\t\t\t\t\t\t\t<div class=\"news-one__content\">\r\n\t\t\t\t\t\t\t\t\t\t\t\t\t\t\t<p class=\"news-one__sub-title\">Actualites<\/p>\r\n\t\t\t\t\t\t\t\t\t\t\t\t\t\t<h3 class=\"news-one__title\"><a href=\"https:\/\/www.virginie-perrin.notaires.fr\/scpi-pourquoi-votre-rang-dans-la-file-de-retrait-peut-sembler-reculer\/\">SCPI : pourquoi votre rang dans la file de retrait peut sembler reculer<\/a><\/h3>\r\n\t\t\t\t\t\t\t<ul class=\"list-unstyled news-one__meta ml-0\">\r\n\t\t\t\t\t\t\t\t<li><span class=\"posted-on\"><i class=\"far fa-clock\"><\/i> <a href=\"https:\/\/www.virginie-perrin.notaires.fr\/scpi-pourquoi-votre-rang-dans-la-file-de-retrait-peut-sembler-reculer\/\" rel=\"bookmark\"><time class=\"entry-date published updated\" datetime=\"2026-06-09T00:00:00+00:00\">juin 9, 2026<\/time><\/a><\/span><\/li>\r\n\t\t\t\t\t\t\t\t\t\t\t\t\t\t\t\t\t<li><span>\/<\/span><\/li>\r\n\t\t\t\t\t\t\t\t\t<li><span class=\"comments-link\"><i class=\"far fa-comments\"><\/i> <a href=\"https:\/\/www.virginie-perrin.notaires.fr\/scpi-pourquoi-votre-rang-dans-la-file-de-retrait-peut-sembler-reculer\/#respond\">Leave a Comment<span class=\"screen-reader-text\"> on SCPI : pourquoi votre rang dans la file de retrait peut sembler reculer<\/span><\/a><\/span><\/li>\r\n\t\t\t\t\t\t\t\t\t\t\t\t\t\t\t<\/ul>\r\n\t\t\t\t\t\t<\/div>\r\n\t\t\t\t\t<\/div>\r\n\t\t\t\t<\/div>\r\n\t\t\t\t\t\t\t\t\t\t\t\t<\/div>\r\n\t\t<\/div>\r\n\t<\/section>\r\n\t<!--News One End-->\r\n\r\n\t\t\t\t<\/div>\n\t\t\t\t<\/div>\n\t\t\t\t<\/div>\r\n\t\t\t\t<\/div>\n\t\t","protected":false},"excerpt":{"rendered":"<p>Actualites Immobilier : 30% des acheteurs cherchent aussi a louer juin 30, 2026 \/ Leave a Comment on Immobilier : 30% des acheteurs cherchent aussi a louer Actualites Immobilier francilien : la reprise cale juin 30, 2026 \/ Leave a Comment on Immobilier francilien : la reprise cale Actualites L&#8217;education financiere entre au college juin [&hellip;]<\/p>\n","protected":false},"author":1,"featured_media":0,"parent":0,"menu_order":0,"comment_status":"closed","ping_status":"closed","template":"","meta":{"footnotes":""},"class_list":["post-5084","page","type-page","status-publish","hentry"],"yoast_head":"<!-- This site is optimized with the Yoast SEO plugin v28.3 - https:\/\/yoast.com\/product\/yoast-seo-wordpress\/ -->\n<title>Actualit\u00e9s juridiques et immobili\u00e8res | V. Perrin<\/title>\n<meta name=\"description\" content=\"Suivez l&#039;actualit\u00e9 du droit de la famille, de l&#039;immobilier et du patrimoine avec l&#039;\u00e9tude notariale de Ma\u00eetre Virginie PERRIN.\" \/>\n<meta name=\"robots\" content=\"index, follow, max-snippet:-1, max-image-preview:large, max-video-preview:-1\" \/>\n<link rel=\"canonical\" href=\"https:\/\/www.virginie-perrin.notaires.fr\/actualites\/\" \/>\n<meta property=\"og:locale\" content=\"fr_FR\" \/>\n<meta property=\"og:type\" content=\"article\" \/>\n<meta property=\"og:title\" content=\"Actualit\u00e9s juridiques et immobili\u00e8res | V. Perrin\" \/>\n<meta property=\"og:description\" content=\"Suivez l&#039;actualit\u00e9 du droit de la famille, de l&#039;immobilier et du patrimoine avec l&#039;\u00e9tude notariale de Ma\u00eetre Virginie PERRIN.\" \/>\n<meta property=\"og:url\" content=\"https:\/\/www.virginie-perrin.notaires.fr\/actualites\/\" \/>\n<meta property=\"og:site_name\" content=\"Virginie PERRIN\" \/>\n<meta property=\"article:modified_time\" content=\"2026-07-09T18:12:15+00:00\" \/>\n<meta property=\"og:image\" content=\"https:\/\/www.virginie-perrin.notaires.fr\/wp-content\/uploads\/2026\/06\/26b8629237e2a49fef7920260709-1680065-oogw6h-370x256.jpeg\" \/>\n<meta name=\"twitter:card\" content=\"summary_large_image\" \/>\n<meta name=\"twitter:label1\" content=\"Dur\u00e9e de lecture estim\u00e9e\" \/>\n\t<meta name=\"twitter:data1\" content=\"8 minutes\" \/>\n<script type=\"application\/ld+json\" class=\"yoast-schema-graph\">{\"@context\":\"https:\\\/\\\/schema.org\",\"@graph\":[{\"@type\":\"WebPage\",\"@id\":\"https:\\\/\\\/www.virginie-perrin.notaires.fr\\\/actualites\\\/\",\"url\":\"https:\\\/\\\/www.virginie-perrin.notaires.fr\\\/actualites\\\/\",\"name\":\"Actualit\u00e9s juridiques et immobili\u00e8res | V. Perrin\",\"isPartOf\":{\"@id\":\"https:\\\/\\\/www.virginie-perrin.notaires.fr\\\/#website\"},\"primaryImageOfPage\":{\"@id\":\"https:\\\/\\\/www.virginie-perrin.notaires.fr\\\/actualites\\\/#primaryimage\"},\"image\":{\"@id\":\"https:\\\/\\\/www.virginie-perrin.notaires.fr\\\/actualites\\\/#primaryimage\"},\"thumbnailUrl\":\"https:\\\/\\\/www.virginie-perrin.notaires.fr\\\/wp-content\\\/uploads\\\/2026\\\/06\\\/26b8629237e2a49fef7920260709-1680065-oogw6h-370x256.jpeg\",\"datePublished\":\"2025-01-20T07:49:43+00:00\",\"dateModified\":\"2026-07-09T18:12:15+00:00\",\"description\":\"Suivez l'actualit\u00e9 du droit de la famille, de l'immobilier et du patrimoine avec l'\u00e9tude notariale de Ma\u00eetre Virginie PERRIN.\",\"breadcrumb\":{\"@id\":\"https:\\\/\\\/www.virginie-perrin.notaires.fr\\\/actualites\\\/#breadcrumb\"},\"inLanguage\":\"fr-FR\",\"potentialAction\":[{\"@type\":\"ReadAction\",\"target\":[\"https:\\\/\\\/www.virginie-perrin.notaires.fr\\\/actualites\\\/\"]}]},{\"@type\":\"ImageObject\",\"inLanguage\":\"fr-FR\",\"@id\":\"https:\\\/\\\/www.virginie-perrin.notaires.fr\\\/actualites\\\/#primaryimage\",\"url\":\"https:\\\/\\\/www.virginie-perrin.notaires.fr\\\/wp-content\\\/uploads\\\/2026\\\/06\\\/26b8629237e2a49fef7920260709-1680065-oogw6h-370x256.jpeg\",\"contentUrl\":\"https:\\\/\\\/www.virginie-perrin.notaires.fr\\\/wp-content\\\/uploads\\\/2026\\\/06\\\/26b8629237e2a49fef7920260709-1680065-oogw6h-370x256.jpeg\"},{\"@type\":\"BreadcrumbList\",\"@id\":\"https:\\\/\\\/www.virginie-perrin.notaires.fr\\\/actualites\\\/#breadcrumb\",\"itemListElement\":[{\"@type\":\"ListItem\",\"position\":1,\"name\":\"Accueil\",\"item\":\"https:\\\/\\\/www.virginie-perrin.notaires.fr\\\/\"},{\"@type\":\"ListItem\",\"position\":2,\"name\":\"Actualit\u00e9s\"}]},{\"@type\":\"WebSite\",\"@id\":\"https:\\\/\\\/www.virginie-perrin.notaires.fr\\\/#website\",\"url\":\"https:\\\/\\\/www.virginie-perrin.notaires.fr\\\/\",\"name\":\"Virginie PERRIN\",\"description\":\"Notaire \u00e0 Saint-Jouan-des-Gu\u00e9rets, pr\u00e8s de Saint-Malo\",\"publisher\":{\"@id\":\"https:\\\/\\\/www.virginie-perrin.notaires.fr\\\/#organization\"},\"potentialAction\":[{\"@type\":\"SearchAction\",\"target\":{\"@type\":\"EntryPoint\",\"urlTemplate\":\"https:\\\/\\\/www.virginie-perrin.notaires.fr\\\/?s={search_term_string}\"},\"query-input\":{\"@type\":\"PropertyValueSpecification\",\"valueRequired\":true,\"valueName\":\"search_term_string\"}}],\"inLanguage\":\"fr-FR\"},{\"@type\":[\"Organization\",\"LegalService\"],\"@id\":\"https:\\\/\\\/www.virginie-perrin.notaires.fr\\\/#organization\",\"name\":\"Office notarial Virginie PERRIN\",\"url\":\"https:\\\/\\\/www.virginie-perrin.notaires.fr\\\/\",\"logo\":{\"@type\":\"ImageObject\",\"inLanguage\":\"fr-FR\",\"@id\":\"https:\\\/\\\/www.virginie-perrin.notaires.fr\\\/#\\\/schema\\\/logo\\\/image\\\/\",\"url\":\"https:\\\/\\\/www.virginie-perrin.notaires.fr\\\/wp-content\\\/uploads\\\/2022\\\/02\\\/logo-blc.png\",\"contentUrl\":\"https:\\\/\\\/www.virginie-perrin.notaires.fr\\\/wp-content\\\/uploads\\\/2022\\\/02\\\/logo-blc.png\",\"width\":1462,\"height\":566,\"caption\":\"Office notarial Virginie PERRIN\"},\"image\":{\"@id\":\"https:\\\/\\\/www.virginie-perrin.notaires.fr\\\/#\\\/schema\\\/logo\\\/image\\\/\"},\"address\":{\"@type\":\"PostalAddress\",\"streetAddress\":\"26 rue de la Lande Gohin\",\"postalCode\":\"35430\",\"addressLocality\":\"Saint-Jouan-des-Gu\u00e9rets\",\"addressRegion\":\"Bretagne\",\"addressCountry\":\"FR\"},\"geo\":{\"@type\":\"GeoCoordinates\",\"latitude\":48.602771,\"longitude\":-1.976173},\"telephone\":\"+33221811084\",\"email\":\"virginie.perrin@35227.notaires.fr\",\"openingHoursSpecification\":[{\"@type\":\"OpeningHoursSpecification\",\"dayOfWeek\":[\"Monday\",\"Tuesday\",\"Wednesday\",\"Thursday\"],\"opens\":\"09:00\",\"closes\":\"12:30\"},{\"@type\":\"OpeningHoursSpecification\",\"dayOfWeek\":[\"Monday\",\"Tuesday\",\"Wednesday\",\"Thursday\"],\"opens\":\"14:00\",\"closes\":\"18:00\"},{\"@type\":\"OpeningHoursSpecification\",\"dayOfWeek\":[\"Friday\"],\"opens\":\"09:00\",\"closes\":\"12:30\"},{\"@type\":\"OpeningHoursSpecification\",\"dayOfWeek\":[\"Friday\"],\"opens\":\"14:00\",\"closes\":\"17:00\"}],\"areaServed\":[{\"@type\":\"City\",\"name\":\"Saint-Jouan-des-Gu\u00e9rets\"},{\"@type\":\"City\",\"name\":\"Saint-Malo\"},{\"@type\":\"AdministrativeArea\",\"name\":\"Ille-et-Vilaine\"}],\"sameAs\":[\"https:\\\/\\\/www.linkedin.com\\\/in\\\/virginie-perrin-325597143\\\/\",\"https:\\\/\\\/www.instagram.com\\\/virginie_perrin_notaire\\\/\"],\"founder\":{\"@type\":\"Person\",\"name\":\"Virginie Perrin\",\"jobTitle\":\"Notaire\"},\"hasOfferCatalog\":{\"@type\":\"OfferCatalog\",\"name\":\"Domaines d\u2019intervention\",\"itemListElement\":[{\"@type\":\"Offer\",\"itemOffered\":{\"@type\":\"Service\",\"name\":\"Droit de la Famille\",\"url\":\"https:\\\/\\\/www.virginie-perrin.notaires.fr\\\/service\\\/famille\\\/\",\"provider\":{\"@id\":\"https:\\\/\\\/www.virginie-perrin.notaires.fr\\\/#organization\"}}},{\"@type\":\"Offer\",\"itemOffered\":{\"@type\":\"Service\",\"name\":\"Droit Immobilier\",\"url\":\"https:\\\/\\\/www.virginie-perrin.notaires.fr\\\/service\\\/immobilier\\\/\",\"provider\":{\"@id\":\"https:\\\/\\\/www.virginie-perrin.notaires.fr\\\/#organization\"}}},{\"@type\":\"Offer\",\"itemOffered\":{\"@type\":\"Service\",\"name\":\"Op\u00e9rations d\u2019am\u00e9nagement \\\/ promotion immobili\u00e8re\",\"url\":\"https:\\\/\\\/www.virginie-perrin.notaires.fr\\\/service\\\/operations-damenagement-et-de-promotion-immobiliere\\\/\",\"provider\":{\"@id\":\"https:\\\/\\\/www.virginie-perrin.notaires.fr\\\/#organization\"}}},{\"@type\":\"Offer\",\"itemOffered\":{\"@type\":\"Service\",\"name\":\"Entreprises\",\"url\":\"https:\\\/\\\/www.virginie-perrin.notaires.fr\\\/service\\\/entreprises\\\/\",\"provider\":{\"@id\":\"https:\\\/\\\/www.virginie-perrin.notaires.fr\\\/#organization\"}}}]}}]}<\/script>\n<!-- \/ Yoast SEO plugin. -->","yoast_head_json":{"title":"Actualit\u00e9s juridiques et immobili\u00e8res | V. Perrin","description":"Suivez l'actualit\u00e9 du droit de la famille, de l'immobilier et du patrimoine avec l'\u00e9tude notariale de Ma\u00eetre Virginie PERRIN.","robots":{"index":"index","follow":"follow","max-snippet":"max-snippet:-1","max-image-preview":"max-image-preview:large","max-video-preview":"max-video-preview:-1"},"canonical":"https:\/\/www.virginie-perrin.notaires.fr\/actualites\/","og_locale":"fr_FR","og_type":"article","og_title":"Actualit\u00e9s juridiques et immobili\u00e8res | V. Perrin","og_description":"Suivez l'actualit\u00e9 du droit de la famille, de l'immobilier et du patrimoine avec l'\u00e9tude notariale de Ma\u00eetre Virginie PERRIN.","og_url":"https:\/\/www.virginie-perrin.notaires.fr\/actualites\/","og_site_name":"Virginie PERRIN","article_modified_time":"2026-07-09T18:12:15+00:00","og_image":[{"url":"https:\/\/www.virginie-perrin.notaires.fr\/wp-content\/uploads\/2026\/06\/26b8629237e2a49fef7920260709-1680065-oogw6h-370x256.jpeg","type":"","width":"","height":""}],"twitter_card":"summary_large_image","twitter_misc":{"Dur\u00e9e de lecture estim\u00e9e":"8 minutes"},"schema":{"@context":"https:\/\/schema.org","@graph":[{"@type":"WebPage","@id":"https:\/\/www.virginie-perrin.notaires.fr\/actualites\/","url":"https:\/\/www.virginie-perrin.notaires.fr\/actualites\/","name":"Actualit\u00e9s juridiques et immobili\u00e8res | V. Perrin","isPartOf":{"@id":"https:\/\/www.virginie-perrin.notaires.fr\/#website"},"primaryImageOfPage":{"@id":"https:\/\/www.virginie-perrin.notaires.fr\/actualites\/#primaryimage"},"image":{"@id":"https:\/\/www.virginie-perrin.notaires.fr\/actualites\/#primaryimage"},"thumbnailUrl":"https:\/\/www.virginie-perrin.notaires.fr\/wp-content\/uploads\/2026\/06\/26b8629237e2a49fef7920260709-1680065-oogw6h-370x256.jpeg","datePublished":"2025-01-20T07:49:43+00:00","dateModified":"2026-07-09T18:12:15+00:00","description":"Suivez l'actualit\u00e9 du droit de la famille, de l'immobilier et du patrimoine avec l'\u00e9tude notariale de Ma\u00eetre Virginie PERRIN.","breadcrumb":{"@id":"https:\/\/www.virginie-perrin.notaires.fr\/actualites\/#breadcrumb"},"inLanguage":"fr-FR","potentialAction":[{"@type":"ReadAction","target":["https:\/\/www.virginie-perrin.notaires.fr\/actualites\/"]}]},{"@type":"ImageObject","inLanguage":"fr-FR","@id":"https:\/\/www.virginie-perrin.notaires.fr\/actualites\/#primaryimage","url":"https:\/\/www.virginie-perrin.notaires.fr\/wp-content\/uploads\/2026\/06\/26b8629237e2a49fef7920260709-1680065-oogw6h-370x256.jpeg","contentUrl":"https:\/\/www.virginie-perrin.notaires.fr\/wp-content\/uploads\/2026\/06\/26b8629237e2a49fef7920260709-1680065-oogw6h-370x256.jpeg"},{"@type":"BreadcrumbList","@id":"https:\/\/www.virginie-perrin.notaires.fr\/actualites\/#breadcrumb","itemListElement":[{"@type":"ListItem","position":1,"name":"Accueil","item":"https:\/\/www.virginie-perrin.notaires.fr\/"},{"@type":"ListItem","position":2,"name":"Actualit\u00e9s"}]},{"@type":"WebSite","@id":"https:\/\/www.virginie-perrin.notaires.fr\/#website","url":"https:\/\/www.virginie-perrin.notaires.fr\/","name":"Virginie PERRIN","description":"Notaire \u00e0 Saint-Jouan-des-Gu\u00e9rets, pr\u00e8s de Saint-Malo","publisher":{"@id":"https:\/\/www.virginie-perrin.notaires.fr\/#organization"},"potentialAction":[{"@type":"SearchAction","target":{"@type":"EntryPoint","urlTemplate":"https:\/\/www.virginie-perrin.notaires.fr\/?s={search_term_string}"},"query-input":{"@type":"PropertyValueSpecification","valueRequired":true,"valueName":"search_term_string"}}],"inLanguage":"fr-FR"},{"@type":["Organization","LegalService"],"@id":"https:\/\/www.virginie-perrin.notaires.fr\/#organization","name":"Office notarial Virginie PERRIN","url":"https:\/\/www.virginie-perrin.notaires.fr\/","logo":{"@type":"ImageObject","inLanguage":"fr-FR","@id":"https:\/\/www.virginie-perrin.notaires.fr\/#\/schema\/logo\/image\/","url":"https:\/\/www.virginie-perrin.notaires.fr\/wp-content\/uploads\/2022\/02\/logo-blc.png","contentUrl":"https:\/\/www.virginie-perrin.notaires.fr\/wp-content\/uploads\/2022\/02\/logo-blc.png","width":1462,"height":566,"caption":"Office notarial Virginie PERRIN"},"image":{"@id":"https:\/\/www.virginie-perrin.notaires.fr\/#\/schema\/logo\/image\/"},"address":{"@type":"PostalAddress","streetAddress":"26 rue de la Lande Gohin","postalCode":"35430","addressLocality":"Saint-Jouan-des-Gu\u00e9rets","addressRegion":"Bretagne","addressCountry":"FR"},"geo":{"@type":"GeoCoordinates","latitude":48.602771,"longitude":-1.976173},"telephone":"+33221811084","email":"virginie.perrin@35227.notaires.fr","openingHoursSpecification":[{"@type":"OpeningHoursSpecification","dayOfWeek":["Monday","Tuesday","Wednesday","Thursday"],"opens":"09:00","closes":"12:30"},{"@type":"OpeningHoursSpecification","dayOfWeek":["Monday","Tuesday","Wednesday","Thursday"],"opens":"14:00","closes":"18:00"},{"@type":"OpeningHoursSpecification","dayOfWeek":["Friday"],"opens":"09:00","closes":"12:30"},{"@type":"OpeningHoursSpecification","dayOfWeek":["Friday"],"opens":"14:00","closes":"17:00"}],"areaServed":[{"@type":"City","name":"Saint-Jouan-des-Gu\u00e9rets"},{"@type":"City","name":"Saint-Malo"},{"@type":"AdministrativeArea","name":"Ille-et-Vilaine"}],"sameAs":["https:\/\/www.linkedin.com\/in\/virginie-perrin-325597143\/","https:\/\/www.instagram.com\/virginie_perrin_notaire\/"],"founder":{"@type":"Person","name":"Virginie Perrin","jobTitle":"Notaire"},"hasOfferCatalog":{"@type":"OfferCatalog","name":"Domaines d\u2019intervention","itemListElement":[{"@type":"Offer","itemOffered":{"@type":"Service","name":"Droit de la Famille","url":"https:\/\/www.virginie-perrin.notaires.fr\/service\/famille\/","provider":{"@id":"https:\/\/www.virginie-perrin.notaires.fr\/#organization"}}},{"@type":"Offer","itemOffered":{"@type":"Service","name":"Droit Immobilier","url":"https:\/\/www.virginie-perrin.notaires.fr\/service\/immobilier\/","provider":{"@id":"https:\/\/www.virginie-perrin.notaires.fr\/#organization"}}},{"@type":"Offer","itemOffered":{"@type":"Service","name":"Op\u00e9rations d\u2019am\u00e9nagement \/ promotion immobili\u00e8re","url":"https:\/\/www.virginie-perrin.notaires.fr\/service\/operations-damenagement-et-de-promotion-immobiliere\/","provider":{"@id":"https:\/\/www.virginie-perrin.notaires.fr\/#organization"}}},{"@type":"Offer","itemOffered":{"@type":"Service","name":"Entreprises","url":"https:\/\/www.virginie-perrin.notaires.fr\/service\/entreprises\/","provider":{"@id":"https:\/\/www.virginie-perrin.notaires.fr\/#organization"}}}]}}]}},"_links":{"self":[{"href":"https:\/\/www.virginie-perrin.notaires.fr\/?rest_route=\/wp\/v2\/pages\/5084","targetHints":{"allow":["GET"]}}],"collection":[{"href":"https:\/\/www.virginie-perrin.notaires.fr\/?rest_route=\/wp\/v2\/pages"}],"about":[{"href":"https:\/\/www.virginie-perrin.notaires.fr\/?rest_route=\/wp\/v2\/types\/page"}],"author":[{"embeddable":true,"href":"https:\/\/www.virginie-perrin.notaires.fr\/?rest_route=\/wp\/v2\/users\/1"}],"replies":[{"embeddable":true,"href":"https:\/\/www.virginie-perrin.notaires.fr\/?rest_route=%2Fwp%2Fv2%2Fcomments&post=5084"}],"version-history":[{"count":0,"href":"https:\/\/www.virginie-perrin.notaires.fr\/?rest_route=\/wp\/v2\/pages\/5084\/revisions"}],"wp:attachment":[{"href":"https:\/\/www.virginie-perrin.notaires.fr\/?rest_route=%2Fwp%2Fv2%2Fmedia&parent=5084"}],"curies":[{"name":"wp","href":"https:\/\/api.w.org\/{rel}","templated":true}]}}